{"id":1063,"date":"2021-11-24T05:41:46","date_gmt":"2021-11-24T05:41:46","guid":{"rendered":"https:\/\/global-reinsurance.com\/mercados\/"},"modified":"2022-01-14T06:07:21","modified_gmt":"2022-01-14T06:07:21","slug":"mercados","status":"publish","type":"page","link":"https:\/\/global-reinsurance.com\/es\/mercados\/","title":{"rendered":"MERCADOS"},"content":{"rendered":"<div class=\"slider-wrapper relative\" id=\"slider-219404731\" style=\"background-color:rgba(0, 0, 0, 0.866);\">\n    <div class=\"slider slider-type-fade slider-nav-dots-simple slider-nav-simple slider-nav-large slider-nav-light slider-style-normal slider-show-nav\"\n        data-flickity-options='{\n            \"cellAlign\": \"center\",\n            \"imagesLoaded\": true,\n            \"lazyLoad\": 1,\n            \"freeScroll\": true,\n            \"wrapAround\": true,\n            \"autoPlay\": 5000,\n            \"pauseAutoPlayOnHover\" : false,\n            \"prevNextButtons\": true,\n            \"contain\" : true,\n            \"adaptiveHeight\" : true,\n            \"dragThreshold\" : 10,\n            \"percentPosition\": true,\n            \"pageDots\": true,\n            \"rightToLeft\": false,\n            \"draggable\": true,\n            \"selectedAttraction\": 0.1,\n            \"parallax\" : 0,\n            \"friction\": 0.6        }'\n        >\n        \n\n  <div class=\"banner has-hover is-full-height has-slide-effect slide-fade-in\" id=\"banner-1956904037\">\n          <div class=\"banner-inner fill\">\n        <div class=\"banner-bg fill\" >\n            <div class=\"bg fill bg-fill bg-loaded\"><\/div>\n                        <div class=\"overlay\"><\/div>            \n                    <\/div>\n        <div class=\"banner-layers container\">\n            <div class=\"fill banner-link\"><\/div>            \n   <div id=\"text-box-1425119589\" class=\"text-box banner-layer x50 md-x85 lg-x90 y50 md-y50 lg-y50 res-text\">\n                     <div data-animate=\"blurIn\">           <div class=\"text-box-content text dark\">\n              \n\t<div class=\"is-border\"\n\t\tstyle=\"border-color:rgb(255, 255, 255);border-width:2px 2px 2px 2px;\">\n\t<\/div>\n              <div class=\"text-inner text-center\">\n                  \n<h2 class=\"font_2\"><span class=\"color_11\"><strong>MERCADOS<\/strong><\/span><\/h2>\n<h2 class=\"font_2\"><span class=\"color_11\">INTERNACIONALES<\/span><\/h2>\n              <\/div>\n           <\/div>\n       <\/div>                     \n<style>\n#text-box-1425119589 .text-box-content {\n  background-color: rgba(0, 0, 0, 0);\n  font-size: 60%;\n}\n#text-box-1425119589 .text-inner {\n  padding: 15px 15px 15px 15px;\n}\n#text-box-1425119589 {\n  width: 60%;\n}\n@media (min-width:550px) {\n  #text-box-1425119589 {\n    width: 35%;\n  }\n}\n@media (min-width:850px) {\n  #text-box-1425119589 {\n    width: 25%;\n  }\n}\n<\/style>\n    <\/div>\n \n        <\/div>\n      <\/div>\n\n            \n<style>\n#banner-1956904037 {\n  padding-top: 100%;\n  background-color: rgb(0, 0, 0);\n}\n#banner-1956904037 .bg.bg-loaded {\n  background-image: url(https:\/\/global-reinsurance.com\/wp-content\/uploads\/2021\/08\/Golbal-Reinsurance-Broker-3.jpg);\n}\n#banner-1956904037 .overlay {\n  background-color: rgba(0, 0, 0, 0.3);\n}\n@media (min-width:850px) {\n  #banner-1956904037 .overlay {\n    background-color: rgba(0, 0, 0, 0.2);\n  }\n}\n<\/style>\n  <\/div>\n\n\n\n  <div class=\"banner has-hover is-full-height has-slide-effect slide-fade-in\" id=\"banner-2056208229\">\n          <div class=\"banner-inner fill\">\n        <div class=\"banner-bg fill\" >\n            <div class=\"bg fill bg-fill bg-loaded\"><\/div>\n                        <div class=\"overlay\"><\/div>            \n                    <\/div>\n        <div class=\"banner-layers container\">\n            <div class=\"fill banner-link\"><\/div>            \n   <div id=\"text-box-2052699468\" class=\"text-box banner-layer x50 md-x85 lg-x90 y50 md-y50 lg-y50 res-text\">\n                     <div data-animate=\"blurIn\">           <div class=\"text-box-content text dark\">\n              \n\t<div class=\"is-border\"\n\t\tstyle=\"border-color:rgb(255, 255, 255);border-width:2px 2px 2px 2px;\">\n\t<\/div>\n              <div class=\"text-inner text-center\">\n                  \n<h2 class=\"font_2\"><span class=\"color_11\"><strong>LLEVADOS POR<\/strong><\/span><\/h2>\n<h2 class=\"font_2\"><span class=\"color_11\">LA CULTURA<\/span><\/h2>\n              <\/div>\n           <\/div>\n       <\/div>                     \n<style>\n#text-box-2052699468 .text-box-content {\n  background-color: rgba(0, 0, 0, 0);\n  font-size: 60%;\n}\n#text-box-2052699468 .text-inner {\n  padding: 15px 15px 15px 15px;\n}\n#text-box-2052699468 {\n  width: 60%;\n}\n@media (min-width:550px) {\n  #text-box-2052699468 {\n    width: 26%;\n  }\n}\n<\/style>\n    <\/div>\n \n        <\/div>\n      <\/div>\n\n            \n<style>\n#banner-2056208229 {\n  padding-top: 100%;\n  background-color: rgb(0, 0, 0);\n}\n#banner-2056208229 .bg.bg-loaded {\n  background-image: url(https:\/\/global-reinsurance.com\/wp-content\/uploads\/2021\/08\/Golbal-Reinsurance-Broker-24.jpg);\n}\n#banner-2056208229 .overlay {\n  background-color: rgba(0, 0, 0, 0.2);\n}\n<\/style>\n  <\/div>\n\n\n\n  <div class=\"banner has-hover is-full-height has-slide-effect slide-fade-in\" id=\"banner-80064748\">\n          <div class=\"banner-inner fill\">\n        <div class=\"banner-bg fill\" >\n            <div class=\"bg fill bg-fill bg-loaded\"><\/div>\n                        <div class=\"overlay\"><\/div>            \n                    <\/div>\n        <div class=\"banner-layers container\">\n            <div class=\"fill banner-link\"><\/div>            \n   <div id=\"text-box-574455563\" class=\"text-box banner-layer x50 md-x85 lg-x90 y50 md-y50 lg-y50 res-text\">\n                     <div data-animate=\"blurIn\">           <div class=\"text-box-content text dark\">\n              \n\t<div class=\"is-border\"\n\t\tstyle=\"border-color:rgb(255, 255, 255);border-width:2px 2px 2px 2px;\">\n\t<\/div>\n              <div class=\"text-inner text-center\">\n                  \n<h2 class=\"font_2\"><span class=\"color_11\"><strong>COVERTURA<\/strong><\/span><\/h2>\n<h2 class=\"font_2\"><span class=\"color_11\">GLOBAL<\/span><\/h2>\n              <\/div>\n           <\/div>\n       <\/div>                     \n<style>\n#text-box-574455563 .text-box-content {\n  background-color: rgba(0, 0, 0, 0);\n  font-size: 60%;\n}\n#text-box-574455563 .text-inner {\n  padding: 15px 15px 15px 15px;\n}\n#text-box-574455563 {\n  width: 60%;\n}\n@media (min-width:550px) {\n  #text-box-574455563 {\n    width: 35%;\n  }\n}\n@media (min-width:850px) {\n  #text-box-574455563 {\n    width: 25%;\n  }\n}\n<\/style>\n    <\/div>\n \n        <\/div>\n      <\/div>\n\n            \n<style>\n#banner-80064748 {\n  padding-top: 100%;\n  background-color: rgb(0, 0, 0);\n}\n#banner-80064748 .bg.bg-loaded {\n  background-image: url(https:\/\/global-reinsurance.com\/wp-content\/uploads\/2021\/08\/Golbal-Reinsurance-Broker.jpg);\n}\n#banner-80064748 .overlay {\n  background-color: rgba(0, 0, 0, 0.2);\n}\n<\/style>\n  <\/div>\n\n\n     <\/div>\n\n     <div class=\"loading-spin dark large centered\"><\/div>\n\n     \t<\/div>\n\n\n<span class=\"scroll-to\" data-label=\"Scroll to: #ecuador\" data-bullet=\"true\" data-link=\"#ecuador\" data-title=\"Ecuador\"><a name=\"ecuador\"><\/a><\/span>\n<span class=\"scroll-to\" data-label=\"Scroll to: #ecuador-m\" data-bullet=\"false\" data-link=\"#ecuador-m\" data-title=\"Ecuador-m\"><a name=\"ecuador-m\"><\/a><\/span>\n\t<section class=\"section dark hide-for-small has-parallax\" id=\"section_354902335\">\n\t\t<div class=\"bg section-bg fill bg-fill bg-loaded \" data-parallax-container=\".section\" data-parallax-background data-parallax=\"-8\">\n\n\t\t\t\n\t\t\t\n\t\t\t\n\n\t\t<\/div>\n\n\t\t<div class=\"section-content relative\">\n\t\t\t\n<div class=\"row row-collapse row-full-width align-middle\"  id=\"row-1475279203\">\n\n\t<div id=\"col-1461104471\" class=\"col medium-6 small-12 large-8\"  >\n\t\t\t\t<div class=\"col-inner\"  >\n\t\t\t\n\t\t\t\n\t<div class=\"img has-hover show-for-small x md-x lg-x y md-y lg-y\" id=\"image_1503841222\">\n\t\t\t\t\t\t\t\t<div class=\"img-inner image-cover dark\" style=\"padding-top:100%;\">\n\t\t\t<img width=\"767\" height=\"1024\" src=\"https:\/\/global-reinsurance.com\/wp-content\/uploads\/2021\/09\/andres-medina-l0TziH9PJiM-unsplash-767x1024.jpg\" class=\"attachment-large size-large\" alt=\"\" loading=\"lazy\" srcset=\"https:\/\/global-reinsurance.com\/wp-content\/uploads\/2021\/09\/andres-medina-l0TziH9PJiM-unsplash-767x1024.jpg 767w, https:\/\/global-reinsurance.com\/wp-content\/uploads\/2021\/09\/andres-medina-l0TziH9PJiM-unsplash-225x300.jpg 225w, https:\/\/global-reinsurance.com\/wp-content\/uploads\/2021\/09\/andres-medina-l0TziH9PJiM-unsplash-768x1025.jpg 768w, https:\/\/global-reinsurance.com\/wp-content\/uploads\/2021\/09\/andres-medina-l0TziH9PJiM-unsplash-1151x1536.jpg 1151w, https:\/\/global-reinsurance.com\/wp-content\/uploads\/2021\/09\/andres-medina-l0TziH9PJiM-unsplash-1535x2048.jpg 1535w, https:\/\/global-reinsurance.com\/wp-content\/uploads\/2021\/09\/andres-medina-l0TziH9PJiM-unsplash-scaled.jpg 1919w\" sizes=\"(max-width: 767px) 100vw, 767px\" \/>\t\t\t\t\t\t\n\t\t\t\t\t<\/div>\n\t\t\t\t\t\t\t\t\n<style>\n#image_1503841222 {\n  width: 100%;\n}\n<\/style>\n\t<\/div>\n\t\n\t\t<\/div>\n\t\t\t\t\t<\/div>\n\n\t\n\n\t<div id=\"col-1391635938\" class=\"col medium-6 small-12 large-4\"  data-animate=\"blurIn\">\n\t\t\t\t<div class=\"col-inner text-left\" style=\"background-color:rgb(1, 15, 26);\" >\n\t\t\t\n\t\t\t\n<div class=\"row row-collapse\"  id=\"row-1480751879\">\n\n\t<div id=\"col-1480924236\" class=\"col small-12 large-12\"  data-animate=\"blurIn\">\n\t\t\t\t<div class=\"col-inner\"  >\n\t\t\t\n\t\t\t\n\t<div id=\"gap-1255775612\" class=\"gap-element clearfix\" style=\"display:block; height:auto;\">\n\t\t\n<style>\n#gap-1255775612 {\n  padding-top: 80px;\n}\n<\/style>\n\t<\/div>\n\t\n\t<div id=\"text-2505727989\" class=\"text\">\n\t\t\n<h2><span style=\"font-size: 150%;\">ECUADOR<\/span><\/h2>\n\t\t\n<style>\n#text-2505727989 {\n  font-size: 1.2rem;\n}\n<\/style>\n\t<\/div>\n\t\n\t\t<\/div>\n\t\t\t\t\t<\/div>\n\n\t\n\n\t<div id=\"col-1207677979\" class=\"col small-12 large-12\"  data-animate=\"blurIn\">\n\t\t\t\t<div class=\"col-inner\"  >\n\t\t\t\n\t\t\t\n\t<div id=\"text-3856743673\" class=\"text\">\n\t\t\n<div id=\"text-1451671838\" class=\"text\">\n<div id=\"comp-kqsei807\" class=\"_1Q9if\" data-testid=\"richTextElement\" data-angle=\"0\" data-angle-style-location=\"style\" data-screen-in-hide=\"done\">\n<div id=\"comp-kqsh4b4a1\" class=\"_1Q9if\" style=\"text-align: justify;\" data-testid=\"richTextElement\" data-angle=\"0\" data-angle-style-location=\"style\" data-screen-in-hide=\"done\"><span style=\"font-size: 90%;\">Ubicado en la l\u00ednea ecuatorial, este pa\u00eds sudamericano se encuentra entre ambos hemisferios. Sus diversos paisajes incluyen la Selva Amaz\u00f3nica, la Cordillera de los Andes y las Islas Gal\u00e1pagos.<\/span><\/div>\n<div data-testid=\"richTextElement\" data-angle=\"0\" data-angle-style-location=\"style\" data-screen-in-hide=\"done\">\u00a0<\/div>\n<div class=\"_1Q9if\" style=\"text-align: justify;\" data-testid=\"richTextElement\" data-angle=\"0\" data-angle-style-location=\"style\" data-screen-in-hide=\"done\"><span style=\"font-size: 90%;\">Ecuador tiene una poblaci\u00f3n de aproximadamente 17.300.000 habitantes, el 40% del pa\u00eds tiene menos de 20 a\u00f1os.<\/span><\/div>\n<div data-testid=\"richTextElement\" data-angle=\"0\" data-angle-style-location=\"style\" data-screen-in-hide=\"done\">\u00a0<\/div>\n<div class=\"_1Q9if\" style=\"text-align: justify;\" data-testid=\"richTextElement\" data-angle=\"0\" data-angle-style-location=\"style\" data-screen-in-hide=\"done\"><span style=\"font-size: 90%;\">Su capital, Quito, es famosa por su centro urbano de influencia espa\u00f1ola, declarado Patrimonio de la Humanidad desde 1978.<\/span><\/div>\n<div data-testid=\"richTextElement\" data-angle=\"0\" data-angle-style-location=\"style\" data-screen-in-hide=\"done\">\u00a0<\/div>\n<div class=\"_1Q9if\" style=\"text-align: justify;\" data-testid=\"richTextElement\" data-angle=\"0\" data-angle-style-location=\"style\" data-screen-in-hide=\"done\"><span style=\"font-size: 90%;\">Ecuador se rige por una democracia presidencial y la moneda oficial del pa\u00eds es el d\u00f3lar estadounidense.<\/span><\/div>\n<\/div>\n<\/div>\n\t\t\n<style>\n#text-3856743673 {\n  font-size: 1.2rem;\n}\n<\/style>\n\t<\/div>\n\t\n\t<div id=\"text-2161103572\" class=\"text hidden\">\n\t\t\n<div id=\"text-1451671838\" class=\"text\">\n<div id=\"comp-kqsei807\" class=\"_1Q9if\" data-testid=\"richTextElement\" data-angle=\"0\" data-angle-style-location=\"style\" data-screen-in-hide=\"done\">\n<div id=\"comp-kqsh4b4a1\" class=\"_1Q9if\" data-testid=\"richTextElement\" data-angle=\"0\" data-angle-style-location=\"style\" data-screen-in-hide=\"done\">\n<p style=\"text-align: justify;\"><span style=\"font-size: 90%;\">Ecuador es un pa\u00eds de Am\u00e9rica del Sur que limita con Per\u00fa, Colombia y el Oc\u00e9ano Pac\u00edfico. El pa\u00eds tambi\u00e9n incluye las Islas Gal\u00e1pagos en el Pac\u00edfico al oeste del continente. Ecuador tiene un terreno monta\u00f1oso y tropical y alberga el volc\u00e1n activo m\u00e1s alto del mundo. El gobierno de Ecuador es una rep\u00fablica cuyo jefe de gobierno es el presidente. Ecuador tiene un sistema econ\u00f3mico mixto que incluye una variedad de libertades privadas combinadas con planificaci\u00f3n econ\u00f3mica centralizada y regulaci\u00f3n gubernamental.<\/span><\/p>\n<\/div>\n<\/div>\n<\/div>\n\t\t\n<style>\n#text-2161103572 {\n  font-size: 1.2rem;\n}\n<\/style>\n\t<\/div>\n\t\n\t<div id=\"gap-299169665\" class=\"gap-element clearfix\" style=\"display:block; height:auto;\">\n\t\t\n<style>\n#gap-299169665 {\n  padding-top: 30px;\n}\n<\/style>\n\t<\/div>\n\t\n<a data-animate=\"fadeInUp\" rel=\"https:\/\/global-reinsurance.com\/contact\" href=\"https:\/\/global-reinsurance.com\/es\/lineas-de-negocio\/\" target=\"_self\" class=\"button white is-outline is-large lowercase\"  >\n    <span>L\u00edneas de Negocio<\/span>\n  <\/a>\n\n\t<div id=\"gap-56680592\" class=\"gap-element clearfix\" style=\"display:block; height:auto;\">\n\t\t\n<style>\n#gap-56680592 {\n  padding-top: 80px;\n}\n<\/style>\n\t<\/div>\n\t\n\t\t<\/div>\n\t\t\t\t\t<\/div>\n\n\t\n<\/div>\n\t\t<\/div>\n\t\t\t\t\n<style>\n#col-1391635938 > .col-inner {\n  padding: 10% 10% 10% 10%;\n}\n<\/style>\n\t<\/div>\n\n\t\n<\/div>\n\t\t<\/div>\n\n\t\t\n<style>\n#section_354902335 {\n  padding-top: 0px;\n  padding-bottom: 0px;\n  background-color: rgb(0,0,0);\n}\n#section_354902335 .section-bg.bg-loaded {\n  background-image: url(https:\/\/global-reinsurance.com\/wp-content\/uploads\/2021\/09\/quito3.jpg);\n}\n#section_354902335 .section-bg {\n  background-position: 44% 39%;\n}\n<\/style>\n\t<\/section>\n\t\n\t<section class=\"section dark show-for-small\" id=\"section_744227182\">\n\t\t<div class=\"bg section-bg fill bg-fill bg-loaded bg-loaded\" >\n\n\t\t\t\n\t\t\t\n\t\t\t\n\n\t\t<\/div>\n\n\t\t<div class=\"section-content relative\">\n\t\t\t\n<div class=\"row row-collapse row-full-width align-middle\"  id=\"row-524237824\">\n\n\t<div id=\"col-1348405846\" class=\"col medium-6 small-12 large-8\"  >\n\t\t\t\t<div class=\"col-inner\"  >\n\t\t\t\n\t\t\t\n\t<div class=\"img has-hover show-for-small x md-x lg-x y md-y lg-y\" id=\"image_1947327059\">\n\t\t\t\t\t\t\t\t<div class=\"img-inner image-cover dark\" style=\"padding-top:100%;margin:-20px 0px -15px 0px;\">\n\t\t\t<img width=\"1020\" height=\"740\" src=\"https:\/\/global-reinsurance.com\/wp-content\/uploads\/2021\/09\/quito3-1024x743.jpg\" class=\"attachment-large size-large\" alt=\"\" loading=\"lazy\" srcset=\"https:\/\/global-reinsurance.com\/wp-content\/uploads\/2021\/09\/quito3-1024x743.jpg 1024w, https:\/\/global-reinsurance.com\/wp-content\/uploads\/2021\/09\/quito3-300x218.jpg 300w, https:\/\/global-reinsurance.com\/wp-content\/uploads\/2021\/09\/quito3-768x557.jpg 768w, https:\/\/global-reinsurance.com\/wp-content\/uploads\/2021\/09\/quito3-1536x1114.jpg 1536w, https:\/\/global-reinsurance.com\/wp-content\/uploads\/2021\/09\/quito3-2048x1486.jpg 2048w\" sizes=\"(max-width: 1020px) 100vw, 1020px\" \/>\t\t\t\t\t\t\n\t\t\t\t\t<\/div>\n\t\t\t\t\t\t\t\t\n<style>\n#image_1947327059 {\n  width: 100%;\n}\n<\/style>\n\t<\/div>\n\t\n\t\t<\/div>\n\t\t\t\t\t<\/div>\n\n\t\n\n\t<div id=\"col-1950943545\" class=\"col medium-6 small-12 large-4\"  data-animate=\"blurIn\">\n\t\t\t\t<div class=\"col-inner text-left\" style=\"background-color:rgb(1, 15, 26);\" >\n\t\t\t\n\t\t\t\n<div class=\"row row-collapse\"  id=\"row-1938937977\">\n\n\t<div id=\"col-1750683785\" class=\"col small-12 large-12\"  data-animate=\"blurIn\">\n\t\t\t\t<div class=\"col-inner\"  >\n\t\t\t\n\t\t\t\n\t<div id=\"gap-908731894\" class=\"gap-element clearfix\" style=\"display:block; height:auto;\">\n\t\t\n<style>\n#gap-908731894 {\n  padding-top: 80px;\n}\n<\/style>\n\t<\/div>\n\t\n\t<div id=\"text-2282934515\" class=\"text\">\n\t\t\n<h2 id=\"ecuador\"><span style=\"font-size: 150%;\">ECUADOR<\/span><\/h2>\n\t\t\n<style>\n#text-2282934515 {\n  font-size: 1.2rem;\n}\n<\/style>\n\t<\/div>\n\t\n\t\t<\/div>\n\t\t\t\t\t<\/div>\n\n\t\n\n\t<div id=\"col-1554681455\" class=\"col small-12 large-12\"  data-animate=\"blurIn\">\n\t\t\t\t<div class=\"col-inner\"  >\n\t\t\t\n\t\t\t\n\t<div id=\"text-2047473552\" class=\"text\">\n\t\t\n<div id=\"text-1451671838\" class=\"text\">\n<div id=\"comp-kqsei807\" class=\"_1Q9if\" data-testid=\"richTextElement\" data-angle=\"0\" data-angle-style-location=\"style\" data-screen-in-hide=\"done\">\n<div id=\"comp-kqsh4b4a1\" class=\"_1Q9if\" style=\"text-align: justify;\" data-testid=\"richTextElement\" data-angle=\"0\" data-angle-style-location=\"style\" data-screen-in-hide=\"done\"><span style=\"font-size: 90%;\">Ubicado en la l\u00ednea ecuatorial, este pa\u00eds sudamericano se encuentra entre ambos hemisferios. Sus diversos paisajes incluyen la Selva Amaz\u00f3nica, la Cordillera de los Andes y las Islas Gal\u00e1pagos.<\/span><span style=\"font-size: 90%;\">Ecuador tiene una poblaci\u00f3n de aproximadamente 17.300.000 habitantes, el 40% del pa\u00eds tiene menos de 20 a\u00f1os.<\/span><span style=\"font-size: 90%;\">Su capital, Quito, es famosa por su centro urbano de influencia espa\u00f1ola, declarado Patrimonio de la Humanidad desde 1978.<\/span><span style=\"font-size: 90%;\">Ecuador se rige por una democracia presidencial y la moneda oficial del pa\u00eds es el d\u00f3lar estadounidense.<\/span><\/div>\n<\/div>\n<\/div>\n\t\t\n<style>\n#text-2047473552 {\n  font-size: 1.2rem;\n}\n<\/style>\n\t<\/div>\n\t\n\t<div id=\"text-213248332\" class=\"text hidden\">\n\t\t\n<div id=\"text-1451671838\" class=\"text\">\n<div id=\"comp-kqsei807\" class=\"_1Q9if\" data-testid=\"richTextElement\" data-angle=\"0\" data-angle-style-location=\"style\" data-screen-in-hide=\"done\">\n<div id=\"comp-kqsh4b4a1\" class=\"_1Q9if\" data-testid=\"richTextElement\" data-angle=\"0\" data-angle-style-location=\"style\" data-screen-in-hide=\"done\">\n<p style=\"text-align: justify;\"><span style=\"font-size: 90%;\">Ecuador es un pa\u00eds de Am\u00e9rica del Sur que limita con Per\u00fa, Colombia y el Oc\u00e9ano Pac\u00edfico. El pa\u00eds tambi\u00e9n incluye las Islas Gal\u00e1pagos en el Pac\u00edfico al oeste del continente. Ecuador tiene un terreno monta\u00f1oso y tropical y alberga el volc\u00e1n activo m\u00e1s alto del mundo. El gobierno de Ecuador es una rep\u00fablica cuyo jefe de gobierno es el presidente. Ecuador tiene un sistema econ\u00f3mico mixto que incluye una variedad de libertades privadas combinadas con planificaci\u00f3n econ\u00f3mica centralizada y regulaci\u00f3n gubernamental.<\/span><\/p>\n<\/div>\n<\/div>\n<\/div>\n\t\t\n<style>\n#text-213248332 {\n  font-size: 1.2rem;\n}\n<\/style>\n\t<\/div>\n\t\n\t<div id=\"gap-27560694\" class=\"gap-element clearfix\" style=\"display:block; height:auto;\">\n\t\t\n<style>\n#gap-27560694 {\n  padding-top: 30px;\n}\n<\/style>\n\t<\/div>\n\t\n<a data-animate=\"fadeInUp\" rel=\"https:\/\/global-reinsurance.com\/contact\" href=\"https:\/\/global-reinsurance.com\/es\/lineas-de-negocio\/\" target=\"_self\" class=\"button white is-outline is-large lowercase\"  >\n    <span>L\u00edneas de Negocio<\/span>\n  <\/a>\n\n\t<div id=\"gap-991070609\" class=\"gap-element clearfix\" style=\"display:block; height:auto;\">\n\t\t\n<style>\n#gap-991070609 {\n  padding-top: 80px;\n}\n<\/style>\n\t<\/div>\n\t\n\t\t<\/div>\n\t\t\t\t\t<\/div>\n\n\t\n<\/div>\n\t\t<\/div>\n\t\t\t\t\n<style>\n#col-1950943545 > .col-inner {\n  padding: 10% 10% 10% 10%;\n}\n<\/style>\n\t<\/div>\n\n\t\n<\/div>\n\t\t<\/div>\n\n\t\t\n<style>\n#section_744227182 {\n  padding-top: 0px;\n  padding-bottom: 0px;\n  background-color: rgb(0,0,0);\n}\n<\/style>\n\t<\/section>\n\t\n<span class=\"scroll-to\" data-label=\"Scroll to: #costa-rica\" data-bullet=\"true\" data-link=\"#costa-rica\" data-title=\"Costa Rica\"><a name=\"costa-rica\"><\/a><\/span>\n<span class=\"scroll-to\" data-label=\"Scroll to: #costa-rica-m\" data-bullet=\"false\" data-link=\"#costa-rica-m\" data-title=\"Costa Rica-m\"><a name=\"costa-rica-m\"><\/a><\/span>\n\t<section class=\"section dark hide-for-small has-parallax\" id=\"section_842381673\">\n\t\t<div class=\"bg section-bg fill bg-fill bg-loaded \" data-parallax-container=\".section\" data-parallax-background data-parallax=\"-8\">\n\n\t\t\t\n\t\t\t\n\t\t\t\n\n\t\t<\/div>\n\n\t\t<div class=\"section-content relative\">\n\t\t\t\n<div class=\"row row-collapse row-full-width align-middle\"  id=\"row-1146865187\">\n\n\t<div id=\"col-1418224413\" class=\"col medium-6 small-12 large-8\"  >\n\t\t\t\t<div class=\"col-inner\"  >\n\t\t\t\n\t\t\t\n\t<div id=\"gap-873637151\" class=\"gap-element clearfix\" style=\"display:block; height:auto;\">\n\t\t\n<style>\n#gap-873637151 {\n  padding-top: 700px;\n}\n@media (min-width:550px) {\n  #gap-873637151 {\n    padding-top: 30px;\n  }\n}\n<\/style>\n\t<\/div>\n\t\n\t\t<\/div>\n\t\t\t\t\t<\/div>\n\n\t\n\n\t<div id=\"col-555055319\" class=\"col medium-6 small-12 large-4\"  data-animate=\"blurIn\">\n\t\t\t\t<div class=\"col-inner text-left\" style=\"background-color:rgb(1, 18, 33);\" >\n\t\t\t\n\t\t\t\n<div class=\"row row-collapse\"  id=\"row-1652102752\">\n\n\t<div id=\"col-833438770\" class=\"col small-12 large-12\"  data-animate=\"blurIn\">\n\t\t\t\t<div class=\"col-inner\"  >\n\t\t\t\n\t\t\t\n\t<div id=\"gap-1283372047\" class=\"gap-element clearfix\" style=\"display:block; height:auto;\">\n\t\t\n<style>\n#gap-1283372047 {\n  padding-top: 80px;\n}\n<\/style>\n\t<\/div>\n\t\n\t<div id=\"text-3372382702\" class=\"text\">\n\t\t\n<h2><span style=\"font-size: 150%;\">COSTA RICA<\/span><\/h2>\n\t\t\n<style>\n#text-3372382702 {\n  font-size: 1.2rem;\n}\n<\/style>\n\t<\/div>\n\t\n\t\t<\/div>\n\t\t\t\t\t<\/div>\n\n\t\n\n\t<div id=\"col-2086002502\" class=\"col small-12 large-12\"  data-animate=\"blurIn\">\n\t\t\t\t<div class=\"col-inner\"  >\n\t\t\t\n\t\t\t\n\t<div id=\"text-1042501715\" class=\"text\">\n\t\t\n<p class=\"font_8\" style=\"text-align: justify;\"><span style=\"font-size: 90%;\">Ubicada en las costas del Caribe y el Pac\u00edfico, Costa Rica es una de las \u00e1reas de selva tropical m\u00e1s grandes de Am\u00e9rica Central. <\/span><\/p>\n<p class=\"font_8\" style=\"text-align: justify;\"><span style=\"font-size: 90%;\">Los diversos paisajes del pa\u00eds incluyen playas, volcanes y una amplia biodiversidad de vida silvestre que incluye monos ara\u00f1a y aves quetzal. Con una poblaci\u00f3n aproximada de 5.048.000 habitantes, de los cuales el 38,7% de la poblaci\u00f3n del pa\u00eds es menor de 20 a\u00f1os. <\/span><\/p>\n<p class=\"font_8\" style=\"text-align: justify;\"><span style=\"font-size: 90%;\">Costa Rica tiene un sistema estatal unitario en el que el poder existe en un solo centro de autoridad, la moneda oficial del pa\u00eds es el col\u00f3n costarricense.<\/span><\/p>\n\t\t\n<style>\n#text-1042501715 {\n  font-size: 1.2rem;\n}\n<\/style>\n\t<\/div>\n\t\n\t<div id=\"text-1861262790\" class=\"text hidden\">\n\t\t\n<p class=\"font_8\"><span style=\"font-size: 90%;\">Ubicada en las costas del Caribe y el Pac\u00edfico, Costa Rica es una de las \u00e1reas de selva tropical m\u00e1s grandes de Am\u00e9rica Central. <\/span><\/p>\n<p class=\"font_8\"><span style=\"font-size: 90%;\">Los diversos paisajes del pa\u00eds incluyen playas, volcanes y una amplia biodiversidad de vida silvestre que incluye monos ara\u00f1a y aves quetzal. Con una poblaci\u00f3n aproximada de 5.048.000 habitantes, de los cuales el 38,7% de la poblaci\u00f3n del pa\u00eds es menor de 20 a\u00f1os. <\/span><\/p>\n<p class=\"font_8\"><span style=\"font-size: 90%;\">Costa Rica tiene un sistema estatal unitario en el que el poder existe en un solo centro de autoridad, la moneda oficial del pa\u00eds es el col\u00f3n costarricense.<\/span><\/p>\n\t\t\n<style>\n#text-1861262790 {\n  font-size: 1.2rem;\n}\n<\/style>\n\t<\/div>\n\t\n\t<div id=\"text-3519032742\" class=\"text hidden\">\n\t\t\n<p style=\"text-align: justify;\"><span style=\"font-size: 90%;\">Uno de los pa\u00edses m\u00e1s pr\u00f3speros y pol\u00edticamente estables de la regi\u00f3n, Costa Rica es el \u00fanico estado centroamericano sin un ej\u00e9rcito permanente, luego de que fue abolido en 1948. Tambi\u00e9n disfruta de uno de los est\u00e1ndares de vida m\u00e1s altos de la regi\u00f3n, aunque un porcentaje significativo de costarricenses contin\u00faa viviendo por debajo del umbral de pobreza. Conocida por sus playas, cadenas monta\u00f1osas, volcanes y variada vida silvestre, la rica biodiversidad de Costa R\u00eda la convierte en un destino popular para los turistas. Productor de bienes agr\u00edcolas como caf\u00e9 y banano, su econom\u00eda no se ha diversificado y el turismo se ubica como su mayor productor de ingresos.<\/span><\/p>\n\t\t\n<style>\n#text-3519032742 {\n  font-size: 1.2rem;\n}\n<\/style>\n\t<\/div>\n\t\n\t<div id=\"gap-1204191556\" class=\"gap-element clearfix\" style=\"display:block; height:auto;\">\n\t\t\n<style>\n#gap-1204191556 {\n  padding-top: 30px;\n}\n<\/style>\n\t<\/div>\n\t\n<a data-animate=\"fadeInUp\" rel=\"https:\/\/global-reinsurance.com\/contact\" href=\"https:\/\/global-reinsurance.com\/es\/lineas-de-negocio\/\" target=\"_self\" class=\"button white is-outline is-large lowercase\"  >\n    <span>L\u00edneas de Negocio<\/span>\n  <\/a>\n\n\t<div id=\"gap-2102650623\" class=\"gap-element clearfix\" style=\"display:block; height:auto;\">\n\t\t\n<style>\n#gap-2102650623 {\n  padding-top: 80px;\n}\n<\/style>\n\t<\/div>\n\t\n\t\t<\/div>\n\t\t\t\t\t<\/div>\n\n\t\n<\/div>\n\t\t<\/div>\n\t\t\t\t\n<style>\n#col-555055319 > .col-inner {\n  padding: 10% 10% 10% 10%;\n  margin: 0px 0px -2px 0px;\n}\n<\/style>\n\t<\/div>\n\n\t\n<\/div>\n\t\t<\/div>\n\n\t\t\n<style>\n#section_842381673 {\n  padding-top: 0px;\n  padding-bottom: 0px;\n  background-color: rgb(0,0,0);\n}\n#section_842381673 .section-bg.bg-loaded {\n  background-image: url(https:\/\/global-reinsurance.com\/wp-content\/uploads\/2021\/09\/max-bender-3C0zrQUlyjM-unsplash-scaled.jpg);\n}\n#section_842381673 .section-bg {\n  background-position: 53% 28%;\n}\n<\/style>\n\t<\/section>\n\t\n\t<section class=\"section dark show-for-small\" id=\"section_1415188465\">\n\t\t<div class=\"bg section-bg fill bg-fill bg-loaded bg-loaded\" >\n\n\t\t\t\n\t\t\t\n\t\t\t\n\n\t\t<\/div>\n\n\t\t<div class=\"section-content relative\">\n\t\t\t\n<div class=\"row row-collapse row-full-width align-middle\"  id=\"row-2027083509\">\n\n\t<div id=\"col-1468993799\" class=\"col medium-6 small-12 large-8\"  >\n\t\t\t\t<div class=\"col-inner\"  >\n\t\t\t\n\t\t\t\n\t<div class=\"img has-hover x md-x lg-x y md-y lg-y\" id=\"image_1088151914\">\n\t\t\t\t\t\t\t\t<div class=\"img-inner image-cover dark\" style=\"padding-top:100%;margin:-20px 0px -15px 0px;\">\n\t\t\t<img width=\"684\" height=\"1024\" src=\"https:\/\/global-reinsurance.com\/wp-content\/uploads\/2021\/09\/max-bender-3C0zrQUlyjM-unsplash-684x1024.jpg\" class=\"attachment-large size-large\" alt=\"\" loading=\"lazy\" srcset=\"https:\/\/global-reinsurance.com\/wp-content\/uploads\/2021\/09\/max-bender-3C0zrQUlyjM-unsplash-684x1024.jpg 684w, https:\/\/global-reinsurance.com\/wp-content\/uploads\/2021\/09\/max-bender-3C0zrQUlyjM-unsplash-200x300.jpg 200w, https:\/\/global-reinsurance.com\/wp-content\/uploads\/2021\/09\/max-bender-3C0zrQUlyjM-unsplash-768x1151.jpg 768w, https:\/\/global-reinsurance.com\/wp-content\/uploads\/2021\/09\/max-bender-3C0zrQUlyjM-unsplash-1025x1536.jpg 1025w, https:\/\/global-reinsurance.com\/wp-content\/uploads\/2021\/09\/max-bender-3C0zrQUlyjM-unsplash-1367x2048.jpg 1367w, https:\/\/global-reinsurance.com\/wp-content\/uploads\/2021\/09\/max-bender-3C0zrQUlyjM-unsplash-scaled.jpg 1709w\" sizes=\"(max-width: 684px) 100vw, 684px\" \/>\t\t\t\t\t\t\n\t\t\t\t\t<\/div>\n\t\t\t\t\t\t\t\t\n<style>\n#image_1088151914 {\n  width: 100%;\n}\n<\/style>\n\t<\/div>\n\t\n\t\t<\/div>\n\t\t\t\t\t<\/div>\n\n\t\n\n\t<div id=\"col-795137402\" class=\"col medium-6 small-12 large-4\"  data-animate=\"blurIn\">\n\t\t\t\t<div class=\"col-inner text-left\" style=\"background-color:rgb(1, 18, 33);\" >\n\t\t\t\n\t\t\t\n<div class=\"row row-collapse\"  id=\"row-1788793897\">\n\n\t<div id=\"col-232553541\" class=\"col small-12 large-12\"  data-animate=\"blurIn\">\n\t\t\t\t<div class=\"col-inner\"  >\n\t\t\t\n\t\t\t\n\t<div id=\"gap-334435018\" class=\"gap-element clearfix\" style=\"display:block; height:auto;\">\n\t\t\n<style>\n#gap-334435018 {\n  padding-top: 80px;\n}\n<\/style>\n\t<\/div>\n\t\n\t<div id=\"text-3430195651\" class=\"text\">\n\t\t\n<h2 id=\"costa-rica\"><span style=\"font-size: 150%;\">COSTA RICA<\/span><\/h2>\n\t\t\n<style>\n#text-3430195651 {\n  font-size: 1.2rem;\n}\n<\/style>\n\t<\/div>\n\t\n\t\t<\/div>\n\t\t\t\t\t<\/div>\n\n\t\n\n\t<div id=\"col-357596438\" class=\"col small-12 large-12\"  data-animate=\"blurIn\">\n\t\t\t\t<div class=\"col-inner\"  >\n\t\t\t\n\t\t\t\n\t<div id=\"text-2112637024\" class=\"text\">\n\t\t\n<p class=\"font_8\" style=\"text-align: justify;\"><span style=\"font-size: 90%;\">Ubicada en las costas del Caribe y el Pac\u00edfico, Costa Rica es una de las \u00e1reas de selva tropical m\u00e1s grandes de Am\u00e9rica Central. <\/span><\/p>\n<p class=\"font_8\" style=\"text-align: justify;\"><span style=\"font-size: 90%;\">Los diversos paisajes del pa\u00eds incluyen playas, volcanes y una amplia biodiversidad de vida silvestre que incluye monos ara\u00f1a y aves quetzal. Con una poblaci\u00f3n aproximada de 5.048.000 habitantes, de los cuales el 38,7% de la poblaci\u00f3n del pa\u00eds es menor de 20 a\u00f1os. <\/span><\/p>\n<p class=\"font_8\" style=\"text-align: justify;\"><span style=\"font-size: 90%;\">Costa Rica tiene un sistema estatal unitario en el que el poder existe en un solo centro de autoridad, la moneda oficial del pa\u00eds es el col\u00f3n costarricense.<\/span><\/p>\n\t\t\n<style>\n#text-2112637024 {\n  font-size: 1.2rem;\n}\n<\/style>\n\t<\/div>\n\t\n\t<div id=\"text-1478767589\" class=\"text hidden\">\n\t\t\n<p class=\"font_8\"><span style=\"font-size: 90%;\">Ubicada en las costas del Caribe y el Pac\u00edfico, Costa Rica es una de las \u00e1reas de selva tropical m\u00e1s grandes de Am\u00e9rica Central. <\/span><\/p>\n<p class=\"font_8\"><span style=\"font-size: 90%;\">Los diversos paisajes del pa\u00eds incluyen playas, volcanes y una amplia biodiversidad de vida silvestre que incluye monos ara\u00f1a y aves quetzal. Con una poblaci\u00f3n aproximada de 5.048.000 habitantes, de los cuales el 38,7% de la poblaci\u00f3n del pa\u00eds es menor de 20 a\u00f1os. <\/span><\/p>\n<p class=\"font_8\"><span style=\"font-size: 90%;\">Costa Rica tiene un sistema estatal unitario en el que el poder existe en un solo centro de autoridad, la moneda oficial del pa\u00eds es el col\u00f3n costarricense.<\/span><\/p>\n\t\t\n<style>\n#text-1478767589 {\n  font-size: 1.2rem;\n}\n<\/style>\n\t<\/div>\n\t\n\t<div id=\"text-4007949712\" class=\"text hidden\">\n\t\t\n<p style=\"text-align: justify;\"><span style=\"font-size: 90%;\">Uno de los pa\u00edses m\u00e1s pr\u00f3speros y pol\u00edticamente estables de la regi\u00f3n, Costa Rica es el \u00fanico estado centroamericano sin un ej\u00e9rcito permanente, luego de que fue abolido en 1948. Tambi\u00e9n disfruta de uno de los est\u00e1ndares de vida m\u00e1s altos de la regi\u00f3n, aunque un porcentaje significativo de costarricenses contin\u00faa viviendo por debajo del umbral de pobreza. Conocida por sus playas, cadenas monta\u00f1osas, volcanes y variada vida silvestre, la rica biodiversidad de Costa R\u00eda la convierte en un destino popular para los turistas. Productor de bienes agr\u00edcolas como caf\u00e9 y banano, su econom\u00eda no se ha diversificado y el turismo se ubica como su mayor productor de ingresos.<\/span><\/p>\n\t\t\n<style>\n#text-4007949712 {\n  font-size: 1.2rem;\n}\n<\/style>\n\t<\/div>\n\t\n\t<div id=\"gap-172302741\" class=\"gap-element clearfix\" style=\"display:block; height:auto;\">\n\t\t\n<style>\n#gap-172302741 {\n  padding-top: 30px;\n}\n<\/style>\n\t<\/div>\n\t\n<a data-animate=\"fadeInUp\" rel=\"https:\/\/global-reinsurance.com\/contact\" href=\"https:\/\/global-reinsurance.com\/es\/lineas-de-negocio\/\" target=\"_self\" class=\"button white is-outline is-large lowercase\"  >\n    <span>L\u00edneas de Negocio<\/span>\n  <\/a>\n\n\t<div id=\"gap-26503053\" class=\"gap-element clearfix\" style=\"display:block; height:auto;\">\n\t\t\n<style>\n#gap-26503053 {\n  padding-top: 80px;\n}\n<\/style>\n\t<\/div>\n\t\n\t\t<\/div>\n\t\t\t\t\t<\/div>\n\n\t\n<\/div>\n\t\t<\/div>\n\t\t\t\t\n<style>\n#col-795137402 > .col-inner {\n  padding: 10% 10% 10% 10%;\n}\n<\/style>\n\t<\/div>\n\n\t\n<\/div>\n\t\t<\/div>\n\n\t\t\n<style>\n#section_1415188465 {\n  padding-top: 0px;\n  padding-bottom: 0px;\n  background-color: rgb(0,0,0);\n}\n<\/style>\n\t<\/section>\n\t\n<span class=\"scroll-to\" data-label=\"Scroll to: #bolivia\" data-bullet=\"true\" data-link=\"#bolivia\" data-title=\"Bolivia\"><a name=\"bolivia\"><\/a><\/span>\n<span class=\"scroll-to\" data-label=\"Scroll to: #bolivia-m\" data-bullet=\"false\" data-link=\"#bolivia-m\" data-title=\"Bolivia-m\"><a name=\"bolivia-m\"><\/a><\/span>\n\t<section class=\"section dark hide-for-small has-parallax\" id=\"section_1349932748\">\n\t\t<div class=\"bg section-bg fill bg-fill bg-loaded \" data-parallax-container=\".section\" data-parallax-background data-parallax=\"-8\">\n\n\t\t\t\n\t\t\t\n\t\t\t\n\n\t\t<\/div>\n\n\t\t<div class=\"section-content relative\">\n\t\t\t\n<div class=\"row row-collapse row-full-width align-middle\"  id=\"row-106386463\">\n\n\t<div id=\"col-1272921782\" class=\"col medium-6 small-12 large-8\"  >\n\t\t\t\t<div class=\"col-inner\"  >\n\t\t\t\n\t\t\t\n\t<div id=\"gap-981166387\" class=\"gap-element clearfix\" style=\"display:block; height:auto;\">\n\t\t\n<style>\n#gap-981166387 {\n  padding-top: 700px;\n}\n@media (min-width:550px) {\n  #gap-981166387 {\n    padding-top: 30px;\n  }\n}\n<\/style>\n\t<\/div>\n\t\n\t\t<\/div>\n\t\t\t\t\t<\/div>\n\n\t\n\n\t<div id=\"col-2005674142\" class=\"col medium-6 small-12 large-4\"  data-animate=\"blurIn\">\n\t\t\t\t<div class=\"col-inner text-left\" style=\"background-color:rgb(1, 15, 26);\" >\n\t\t\t\n\t\t\t\n<div class=\"row row-collapse\"  id=\"row-1076545200\">\n\n\t<div id=\"col-1047784051\" class=\"col small-12 large-12\"  data-animate=\"blurIn\">\n\t\t\t\t<div class=\"col-inner\"  >\n\t\t\t\n\t\t\t\n\t<div id=\"gap-1601724592\" class=\"gap-element clearfix\" style=\"display:block; height:auto;\">\n\t\t\n<style>\n#gap-1601724592 {\n  padding-top: 80px;\n}\n<\/style>\n\t<\/div>\n\t\n\t<div id=\"text-2232743288\" class=\"text\">\n\t\t\n<h2><span style=\"font-size: 150%;\">BOLIVIA<\/span><\/h2>\n\t\t\n<style>\n#text-2232743288 {\n  font-size: 1.2rem;\n}\n<\/style>\n\t<\/div>\n\t\n\t\t<\/div>\n\t\t\t\t\t<\/div>\n\n\t\n\n\t<div id=\"col-1177056546\" class=\"col small-12 large-12\"  data-animate=\"blurIn\">\n\t\t\t\t<div class=\"col-inner\"  >\n\t\t\t\n\t\t\t\n\t<div id=\"text-1347049519\" class=\"text\">\n\t\t\n<div id=\"text-1451671838\" class=\"text\">\n<div id=\"comp-kqsei807\" class=\"_1Q9if\" data-testid=\"richTextElement\" data-angle=\"0\" data-angle-style-location=\"style\" data-screen-in-hide=\"done\">\n<div id=\"comp-kqsh4b4a1\" class=\"_1Q9if\" data-testid=\"richTextElement\" data-angle=\"0\" data-angle-style-location=\"style\" data-screen-in-hide=\"done\">\n<p class=\"font_8\" style=\"text-align: justify;\"><span style=\"font-size: 90%;\">Ubicada en el centro de Am\u00e9rica del Sur, Bolivia tiene un terreno variado que se extiende por la Cordillera de los Andes. Sus paisajes incluyen la meseta del Altiplano, el monte Illimani y el lago Titicaca. <\/span><\/p>\n<p class=\"font_8\" style=\"text-align: justify;\"><span style=\"font-size: 90%;\">Con una poblaci\u00f3n aproximada de 11.510.000 habitantes, de los cuales el 42,2% de la poblaci\u00f3n del pa\u00eds es menor de 20 a\u00f1os.<\/span><\/p>\n<p class=\"font_8\" style=\"text-align: justify;\"><span style=\"font-size: 90%;\">Bolivia se rige por una constituci\u00f3n presidencial unitaria y la moneda oficial del pa\u00eds es el boliviano. <\/span><\/p>\n<\/div>\n<\/div>\n<\/div>\n\t\t\n<style>\n#text-1347049519 {\n  font-size: 1.2rem;\n}\n<\/style>\n\t<\/div>\n\t\n\t<div id=\"text-1098431722\" class=\"text hidden\">\n\t\t\n<div id=\"text-1451671838\" class=\"text\">\n<div id=\"comp-kqsei807\" class=\"_1Q9if\" data-testid=\"richTextElement\" data-angle=\"0\" data-angle-style-location=\"style\" data-screen-in-hide=\"done\">\n<div id=\"comp-kqsh4b4a1\" class=\"_1Q9if\" data-testid=\"richTextElement\" data-angle=\"0\" data-angle-style-location=\"style\" data-screen-in-hide=\"done\">\n<p style=\"text-align: justify;\"><span style=\"font-size: 90%;\">Bolivia es el pa\u00eds m\u00e1s alto y aislado de Am\u00e9rica del Sur. Tiene la mayor proporci\u00f3n de ind\u00edgenas, que representan alrededor de dos tercios de la poblaci\u00f3n. El pa\u00eds tiene las segundas reservas de gas natural m\u00e1s grandes de Am\u00e9rica del Sur. Los grupos ind\u00edgenas dicen que el pa\u00eds no deber\u00eda ceder el control de las reservas a los importadores internacionales, ya que ven como el \u00fanico recurso natural restante de Bolivia. Bolivia es uno de los mayores productores de coca del mundo.<\/span><\/p>\n<\/div>\n<\/div>\n<\/div>\n\t\t\n<style>\n#text-1098431722 {\n  font-size: 1.2rem;\n}\n<\/style>\n\t<\/div>\n\t\n\t<div id=\"gap-1273089360\" class=\"gap-element clearfix\" style=\"display:block; height:auto;\">\n\t\t\n<style>\n#gap-1273089360 {\n  padding-top: 30px;\n}\n<\/style>\n\t<\/div>\n\t\n<a data-animate=\"fadeInUp\" rel=\"https:\/\/global-reinsurance.com\/contact\" href=\"https:\/\/global-reinsurance.com\/es\/lineas-de-negocio\/\" target=\"_self\" class=\"button white is-outline is-large lowercase\"  >\n    <span>L\u00edneas de Negocio<\/span>\n  <\/a>\n\n\t<div id=\"gap-1337476596\" class=\"gap-element clearfix\" style=\"display:block; height:auto;\">\n\t\t\n<style>\n#gap-1337476596 {\n  padding-top: 80px;\n}\n<\/style>\n\t<\/div>\n\t\n\t\t<\/div>\n\t\t\t\t\t<\/div>\n\n\t\n<\/div>\n\t\t<\/div>\n\t\t\t\t\n<style>\n#col-2005674142 > .col-inner {\n  padding: 10% 10% 10% 10%;\n}\n<\/style>\n\t<\/div>\n\n\t\n<\/div>\n\t\t<\/div>\n\n\t\t\n<style>\n#section_1349932748 {\n  padding-top: 0px;\n  padding-bottom: 0px;\n  background-color: rgb(0,0,0);\n}\n#section_1349932748 .section-bg.bg-loaded {\n  background-image: url(https:\/\/global-reinsurance.com\/wp-content\/uploads\/2021\/09\/bolivia3-1.jpg);\n}\n#section_1349932748 .section-bg {\n  background-position: 32% 50%;\n}\n<\/style>\n\t<\/section>\n\t\n\t<section class=\"section dark show-for-small\" id=\"section_1385611350\">\n\t\t<div class=\"bg section-bg fill bg-fill bg-loaded bg-loaded\" >\n\n\t\t\t\n\t\t\t\n\t\t\t\n\n\t\t<\/div>\n\n\t\t<div class=\"section-content relative\">\n\t\t\t\n<div class=\"row row-collapse row-full-width align-middle\"  id=\"row-181577761\">\n\n\t<div id=\"col-685355150\" class=\"col medium-6 small-12 large-8\"  >\n\t\t\t\t<div class=\"col-inner\"  >\n\t\t\t\n\t\t\t\n\t<div class=\"img has-hover x md-x lg-x y md-y lg-y\" id=\"image_2038476255\">\n\t\t\t\t\t\t\t\t<div class=\"img-inner image-cover dark\" style=\"padding-top:100%;margin:-20px 0px -15px 0px;\">\n\t\t\t<img width=\"1020\" height=\"801\" src=\"https:\/\/global-reinsurance.com\/wp-content\/uploads\/2021\/09\/bolivia3-1-1024x804.jpg\" class=\"attachment-large size-large\" alt=\"\" loading=\"lazy\" srcset=\"https:\/\/global-reinsurance.com\/wp-content\/uploads\/2021\/09\/bolivia3-1-1024x804.jpg 1024w, https:\/\/global-reinsurance.com\/wp-content\/uploads\/2021\/09\/bolivia3-1-300x236.jpg 300w, https:\/\/global-reinsurance.com\/wp-content\/uploads\/2021\/09\/bolivia3-1-768x603.jpg 768w, https:\/\/global-reinsurance.com\/wp-content\/uploads\/2021\/09\/bolivia3-1-1536x1207.jpg 1536w, https:\/\/global-reinsurance.com\/wp-content\/uploads\/2021\/09\/bolivia3-1-2048x1609.jpg 2048w\" sizes=\"(max-width: 1020px) 100vw, 1020px\" \/>\t\t\t\t\t\t\n\t\t\t\t\t<\/div>\n\t\t\t\t\t\t\t\t\n<style>\n#image_2038476255 {\n  width: 100%;\n}\n<\/style>\n\t<\/div>\n\t\n\t\t<\/div>\n\t\t\t\t\t<\/div>\n\n\t\n\n\t<div id=\"col-1881845907\" class=\"col medium-6 small-12 large-4\"  data-animate=\"blurIn\">\n\t\t\t\t<div class=\"col-inner text-left\" style=\"background-color:rgb(1, 15, 26);\" >\n\t\t\t\n\t\t\t\n<div class=\"row row-collapse\"  id=\"row-980277060\">\n\n\t<div id=\"col-27404299\" class=\"col small-12 large-12\"  data-animate=\"blurIn\">\n\t\t\t\t<div class=\"col-inner\"  >\n\t\t\t\n\t\t\t\n\t<div id=\"gap-514576508\" class=\"gap-element clearfix\" style=\"display:block; height:auto;\">\n\t\t\n<style>\n#gap-514576508 {\n  padding-top: 80px;\n}\n<\/style>\n\t<\/div>\n\t\n\t<div id=\"text-2157986626\" class=\"text\">\n\t\t\n<h2 id=\"bolivia\"><span style=\"font-size: 150%;\">BOLIVIA<\/span><\/h2>\n\t\t\n<style>\n#text-2157986626 {\n  font-size: 1.2rem;\n}\n<\/style>\n\t<\/div>\n\t\n\t\t<\/div>\n\t\t\t\t\t<\/div>\n\n\t\n\n\t<div id=\"col-1908054153\" class=\"col small-12 large-12\"  data-animate=\"blurIn\">\n\t\t\t\t<div class=\"col-inner\"  >\n\t\t\t\n\t\t\t\n\t<div id=\"text-2312160281\" class=\"text\">\n\t\t\n<div id=\"text-1451671838\" class=\"text\">\n<div id=\"comp-kqsei807\" class=\"_1Q9if\" data-testid=\"richTextElement\" data-angle=\"0\" data-angle-style-location=\"style\" data-screen-in-hide=\"done\">\n<div id=\"comp-kqsh4b4a1\" class=\"_1Q9if\" data-testid=\"richTextElement\" data-angle=\"0\" data-angle-style-location=\"style\" data-screen-in-hide=\"done\">\n<p class=\"font_8\" style=\"text-align: justify;\"><span style=\"font-size: 90%;\">Ubicada en el centro de Am\u00e9rica del Sur, Bolivia tiene un terreno variado que se extiende por la Cordillera de los Andes. Sus paisajes incluyen la meseta del Altiplano, el monte Illimani y el lago Titicaca. <\/span><\/p>\n<p class=\"font_8\" style=\"text-align: justify;\"><span style=\"font-size: 90%;\">Con una poblaci\u00f3n aproximada de 11.510.000 habitantes, de los cuales el 42,2% de la poblaci\u00f3n del pa\u00eds es menor de 20 a\u00f1os.<\/span><\/p>\n<p class=\"font_8\" style=\"text-align: justify;\"><span style=\"font-size: 90%;\">Bolivia se rige por una constituci\u00f3n presidencial unitaria y la moneda oficial del pa\u00eds es el boliviano. <\/span><\/p>\n<\/div>\n<\/div>\n<\/div>\n\t\t\n<style>\n#text-2312160281 {\n  font-size: 1.2rem;\n}\n<\/style>\n\t<\/div>\n\t\n\t<div id=\"text-323450068\" class=\"text hidden\">\n\t\t\n<div id=\"text-1451671838\" class=\"text\">\n<div id=\"comp-kqsei807\" class=\"_1Q9if\" data-testid=\"richTextElement\" data-angle=\"0\" data-angle-style-location=\"style\" data-screen-in-hide=\"done\">\n<div id=\"comp-kqsh4b4a1\" class=\"_1Q9if\" data-testid=\"richTextElement\" data-angle=\"0\" data-angle-style-location=\"style\" data-screen-in-hide=\"done\">\n<p style=\"text-align: justify;\"><span style=\"font-size: 90%;\">Bolivia es el pa\u00eds m\u00e1s alto y aislado de Am\u00e9rica del Sur. Tiene la mayor proporci\u00f3n de ind\u00edgenas, que representan alrededor de dos tercios de la poblaci\u00f3n. El pa\u00eds tiene las segundas reservas de gas natural m\u00e1s grandes de Am\u00e9rica del Sur. Los grupos ind\u00edgenas dicen que el pa\u00eds no deber\u00eda ceder el control de las reservas a los importadores internacionales, ya que ven como el \u00fanico recurso natural restante de Bolivia. Bolivia es uno de los mayores productores de coca del mundo.<\/span><\/p>\n<\/div>\n<\/div>\n<\/div>\n\t\t\n<style>\n#text-323450068 {\n  font-size: 1.2rem;\n}\n<\/style>\n\t<\/div>\n\t\n\t<div id=\"gap-1899741947\" class=\"gap-element clearfix\" style=\"display:block; height:auto;\">\n\t\t\n<style>\n#gap-1899741947 {\n  padding-top: 30px;\n}\n<\/style>\n\t<\/div>\n\t\n<a data-animate=\"fadeInUp\" rel=\"https:\/\/global-reinsurance.com\/contact\" href=\"https:\/\/global-reinsurance.com\/es\/lineas-de-negocio\/\" target=\"_self\" class=\"button white is-outline is-large lowercase\"  >\n    <span>L\u00edneas de Negocio<\/span>\n  <\/a>\n\n\t<div id=\"gap-1187992684\" class=\"gap-element clearfix\" style=\"display:block; height:auto;\">\n\t\t\n<style>\n#gap-1187992684 {\n  padding-top: 80px;\n}\n<\/style>\n\t<\/div>\n\t\n\t\t<\/div>\n\t\t\t\t\t<\/div>\n\n\t\n<\/div>\n\t\t<\/div>\n\t\t\t\t\n<style>\n#col-1881845907 > .col-inner {\n  padding: 10% 10% 10% 10%;\n}\n<\/style>\n\t<\/div>\n\n\t\n<\/div>\n\t\t<\/div>\n\n\t\t\n<style>\n#section_1385611350 {\n  padding-top: 0px;\n  padding-bottom: 0px;\n  background-color: rgb(0,0,0);\n}\n<\/style>\n\t<\/section>\n\t\n<span class=\"scroll-to\" data-label=\"Scroll to: #panama\" data-bullet=\"true\" data-link=\"#panama\" data-title=\"Panam\u00e1\"><a name=\"panama\"><\/a><\/span>\n<span class=\"scroll-to\" data-label=\"Scroll to: #panama-m\" data-bullet=\"false\" data-link=\"#panama-m\" data-title=\"Panam\u00e1-m\"><a name=\"panama-m\"><\/a><\/span>\n\t<section class=\"section dark hide-for-small has-parallax\" id=\"section_1928035665\">\n\t\t<div class=\"bg section-bg fill bg-fill bg-loaded \" data-parallax-container=\".section\" data-parallax-background data-parallax=\"-8\">\n\n\t\t\t\n\t\t\t\n\t\t\t\n\n\t\t<\/div>\n\n\t\t<div class=\"section-content relative\">\n\t\t\t\n<div class=\"row row-collapse row-full-width align-middle\"  id=\"row-914755\">\n\n\t<div id=\"col-1361578907\" class=\"col medium-6 small-12 large-8\"  >\n\t\t\t\t<div class=\"col-inner\"  >\n\t\t\t\n\t\t\t\n\t<div id=\"gap-1205577926\" class=\"gap-element clearfix\" style=\"display:block; height:auto;\">\n\t\t\n<style>\n#gap-1205577926 {\n  padding-top: 700px;\n}\n@media (min-width:550px) {\n  #gap-1205577926 {\n    padding-top: 30px;\n  }\n}\n<\/style>\n\t<\/div>\n\t\n\t\t<\/div>\n\t\t\t\t\t<\/div>\n\n\t\n\n\t<div id=\"col-1759975183\" class=\"col medium-6 small-12 large-4\"  data-animate=\"blurIn\">\n\t\t\t\t<div class=\"col-inner text-left\" style=\"background-color:rgb(1, 18, 33);\" >\n\t\t\t\n\t\t\t\n<div class=\"row row-collapse\"  id=\"row-314273256\">\n\n\t<div id=\"col-1708225157\" class=\"col small-12 large-12\"  data-animate=\"blurIn\">\n\t\t\t\t<div class=\"col-inner\"  >\n\t\t\t\n\t\t\t\n\t<div id=\"gap-520600995\" class=\"gap-element clearfix\" style=\"display:block; height:auto;\">\n\t\t\n<style>\n#gap-520600995 {\n  padding-top: 80px;\n}\n<\/style>\n\t<\/div>\n\t\n\t<div id=\"text-3228332913\" class=\"text\">\n\t\t\n<h2><span style=\"font-size: 150%;\">PANAM\u00c1<\/span><\/h2>\n\t\t\n<style>\n#text-3228332913 {\n  font-size: 1.2rem;\n}\n<\/style>\n\t<\/div>\n\t\n\t\t<\/div>\n\t\t\t\t\t<\/div>\n\n\t\n\n\t<div id=\"col-1166714541\" class=\"col small-12 large-12\"  data-animate=\"blurIn\">\n\t\t\t\t<div class=\"col-inner\"  >\n\t\t\t\n\t\t\t\n\t<div id=\"text-3205504812\" class=\"text\">\n\t\t\n<p class=\"font_8\" style=\"text-align: justify;\"><span style=\"font-size: 90%;\">Ubicado entre Sudam\u00e9rica y Centroam\u00e9rica, dando como punto clave uno de los principales canales de tr\u00e1nsito mar\u00edtimo del mundo &#8220;El Canal de Panam\u00e1&#8221;, adem\u00e1s de sus principales atractivos, es que alberga una gran cantidad de especies tropicales. <\/span><\/p>\n<p class=\"font_8\" style=\"text-align: justify;\"><span style=\"font-size: 90%;\"><span class=\"wixGuard\">Con una poblaci\u00f3n aproximada de 4.379.039 habitantes, de los cuales el 36,8% de la poblaci\u00f3n del pa\u00eds es menor de 20 a\u00f1os.<\/span><\/span><\/p>\n<p style=\"text-align: justify;\"><span style=\"font-size: 90%;\">Panam\u00e1 se rige por una constituci\u00f3n presidencial unitaria y la moneda oficial del pa\u00eds es el d\u00f3lar estadounidense. <\/span><\/p>\n\t\t\n<style>\n#text-3205504812 {\n  font-size: 1.2rem;\n}\n<\/style>\n\t<\/div>\n\t\n\t<div id=\"text-410081967\" class=\"text hidden\">\n\t\t\n<p style=\"text-align: justify;\"><span style=\"font-size: 90%;\">La Rep\u00fablica de Panam\u00e1 es el pa\u00eds m\u00e1s austral de Centroam\u00e9rica. Es una antigua colonia espa\u00f1ola con una poblaci\u00f3n mixta de criollos, mestizos, inmigrantes europeos, africanos e indios ind\u00edgenas. Panam\u00e1 limita con Costa Rica y Colombia, as\u00ed como con el Mar Caribe al norte y el Oc\u00e9ano Pac\u00edfico al sur. Panam\u00e1 es conocido como un pa\u00eds de tr\u00e1nsito debido al Canal de Panam\u00e1. Panam\u00e1 tiene una poblaci\u00f3n de 4 millones de personas y 1 mill\u00f3n vive alrededor de la ciudad de Panam\u00e1. Panam\u00e1 es el pa\u00eds m\u00e1s industrializado de Centroam\u00e9rica, aunque tiene la tercera econom\u00eda m\u00e1s grande despu\u00e9s de Guatemala y Costa Rica. <\/span><\/p>\n\t\t\n<style>\n#text-410081967 {\n  font-size: 1.2rem;\n}\n<\/style>\n\t<\/div>\n\t\n\t<div id=\"gap-1445921934\" class=\"gap-element clearfix\" style=\"display:block; height:auto;\">\n\t\t\n<style>\n#gap-1445921934 {\n  padding-top: 30px;\n}\n<\/style>\n\t<\/div>\n\t\n<a data-animate=\"fadeInUp\" rel=\"https:\/\/global-reinsurance.com\/contact\" href=\"https:\/\/global-reinsurance.com\/es\/lineas-de-negocio\/\" target=\"_self\" class=\"button white is-outline is-large lowercase\"  >\n    <span>L\u00edneas de Negocio<\/span>\n  <\/a>\n\n\t<div id=\"gap-692554681\" class=\"gap-element clearfix\" style=\"display:block; height:auto;\">\n\t\t\n<style>\n#gap-692554681 {\n  padding-top: 80px;\n}\n<\/style>\n\t<\/div>\n\t\n\t\t<\/div>\n\t\t\t\t\t<\/div>\n\n\t\n<\/div>\n\t\t<\/div>\n\t\t\t\t\n<style>\n#col-1759975183 > .col-inner {\n  padding: 10% 10% 10% 10%;\n  margin: 0px 0px -3px 0px;\n}\n<\/style>\n\t<\/div>\n\n\t\n<\/div>\n\t\t<\/div>\n\n\t\t\n<style>\n#section_1928035665 {\n  padding-top: 0px;\n  padding-bottom: 0px;\n  background-color: rgb(0,0,0);\n}\n#section_1928035665 .section-bg.bg-loaded {\n  background-image: url(https:\/\/global-reinsurance.com\/wp-content\/uploads\/2021\/08\/Panama.jpg);\n}\n<\/style>\n\t<\/section>\n\t\n\t<section class=\"section dark show-for-small\" id=\"section_582049002\">\n\t\t<div class=\"bg section-bg fill bg-fill bg-loaded bg-loaded\" >\n\n\t\t\t\n\t\t\t\n\t\t\t\n\n\t\t<\/div>\n\n\t\t<div class=\"section-content relative\">\n\t\t\t\n<div class=\"row row-collapse row-full-width align-middle\"  id=\"row-1248610770\">\n\n\t<div id=\"col-90655659\" class=\"col medium-6 small-12 large-8\"  >\n\t\t\t\t<div class=\"col-inner\"  >\n\t\t\t\n\t\t\t\n\t<div class=\"img has-hover x md-x lg-x y md-y lg-y\" id=\"image_1222520124\">\n\t\t\t\t\t\t\t\t<div class=\"img-inner image-cover dark\" style=\"padding-top:100%;margin:-20px 0px -15px 0px;\">\n\t\t\t<img width=\"1020\" height=\"765\" src=\"https:\/\/global-reinsurance.com\/wp-content\/uploads\/2021\/08\/Panama-1024x768.jpg\" class=\"attachment-large size-large\" alt=\"\" loading=\"lazy\" srcset=\"https:\/\/global-reinsurance.com\/wp-content\/uploads\/2021\/08\/Panama-1024x768.jpg 1024w, https:\/\/global-reinsurance.com\/wp-content\/uploads\/2021\/08\/Panama-300x225.jpg 300w, https:\/\/global-reinsurance.com\/wp-content\/uploads\/2021\/08\/Panama-768x576.jpg 768w, https:\/\/global-reinsurance.com\/wp-content\/uploads\/2021\/08\/Panama-1536x1152.jpg 1536w, https:\/\/global-reinsurance.com\/wp-content\/uploads\/2021\/08\/Panama-2048x1536.jpg 2048w\" sizes=\"(max-width: 1020px) 100vw, 1020px\" \/>\t\t\t\t\t\t\n\t\t\t\t\t<\/div>\n\t\t\t\t\t\t\t\t\n<style>\n#image_1222520124 {\n  width: 100%;\n}\n<\/style>\n\t<\/div>\n\t\n\t\t<\/div>\n\t\t\t\t\t<\/div>\n\n\t\n\n\t<div id=\"col-1945551509\" class=\"col medium-6 small-12 large-4\"  data-animate=\"blurIn\">\n\t\t\t\t<div class=\"col-inner text-left\" style=\"background-color:rgb(1, 18, 33);\" >\n\t\t\t\n\t\t\t\n<div class=\"row row-collapse\"  id=\"row-827550959\">\n\n\t<div id=\"col-672780803\" class=\"col small-12 large-12\"  data-animate=\"blurIn\">\n\t\t\t\t<div class=\"col-inner\"  >\n\t\t\t\n\t\t\t\n\t<div id=\"gap-398404637\" class=\"gap-element clearfix\" style=\"display:block; height:auto;\">\n\t\t\n<style>\n#gap-398404637 {\n  padding-top: 80px;\n}\n<\/style>\n\t<\/div>\n\t\n\t<div id=\"text-4292890520\" class=\"text\">\n\t\t\n<h2><span style=\"font-size: 150%;\">PANAM\u00c1<\/span><\/h2>\n\t\t\n<style>\n#text-4292890520 {\n  font-size: 1.2rem;\n}\n<\/style>\n\t<\/div>\n\t\n\t\t<\/div>\n\t\t\t\t\t<\/div>\n\n\t\n\n\t<div id=\"col-1957823072\" class=\"col small-12 large-12\"  data-animate=\"blurIn\">\n\t\t\t\t<div class=\"col-inner\"  >\n\t\t\t\n\t\t\t\n\t<div id=\"text-4242355951\" class=\"text\">\n\t\t\n<p class=\"font_8\" style=\"text-align: justify;\"><span style=\"font-size: 90%;\">Ubicado entre Sudam\u00e9rica y Centroam\u00e9rica, dando como punto clave uno de los principales canales de tr\u00e1nsito mar\u00edtimo del mundo &#8220;El Canal de Panam\u00e1&#8221;, adem\u00e1s de sus principales atractivos, es que alberga una gran cantidad de especies tropicales. <\/span><\/p>\n<p class=\"font_8\" style=\"text-align: justify;\"><span style=\"font-size: 90%;\"><span class=\"wixGuard\">Con una poblaci\u00f3n aproximada de 4.379.039 habitantes, de los cuales el 36,8% de la poblaci\u00f3n del pa\u00eds es menor de 20 a\u00f1os.<\/span><\/span><\/p>\n<p style=\"text-align: justify;\"><span style=\"font-size: 90%;\">Panam\u00e1 se rige por una constituci\u00f3n presidencial unitaria y la moneda oficial del pa\u00eds es el d\u00f3lar estadounidense. <\/span><\/p>\n\t\t\n<style>\n#text-4242355951 {\n  font-size: 1.2rem;\n}\n<\/style>\n\t<\/div>\n\t\n\t<div id=\"text-499426012\" class=\"text hidden\">\n\t\t\n<p style=\"text-align: justify;\"><span style=\"font-size: 90%;\">La Rep\u00fablica de Panam\u00e1 es el pa\u00eds m\u00e1s austral de Centroam\u00e9rica. Es una antigua colonia espa\u00f1ola con una poblaci\u00f3n mixta de criollos, mestizos, inmigrantes europeos, africanos e indios ind\u00edgenas. Panam\u00e1 limita con Costa Rica y Colombia, as\u00ed como con el Mar Caribe al norte y el Oc\u00e9ano Pac\u00edfico al sur. Panam\u00e1 es conocido como un pa\u00eds de tr\u00e1nsito debido al Canal de Panam\u00e1. Panam\u00e1 tiene una poblaci\u00f3n de 4 millones de personas y 1 mill\u00f3n vive alrededor de la ciudad de Panam\u00e1. Panam\u00e1 es el pa\u00eds m\u00e1s industrializado de Centroam\u00e9rica, aunque tiene la tercera econom\u00eda m\u00e1s grande despu\u00e9s de Guatemala y Costa Rica. <\/span><\/p>\n\t\t\n<style>\n#text-499426012 {\n  font-size: 1.2rem;\n}\n<\/style>\n\t<\/div>\n\t\n\t<div id=\"gap-877473171\" class=\"gap-element clearfix\" style=\"display:block; height:auto;\">\n\t\t\n<style>\n#gap-877473171 {\n  padding-top: 30px;\n}\n<\/style>\n\t<\/div>\n\t\n<a data-animate=\"fadeInUp\" rel=\"https:\/\/global-reinsurance.com\/contact\" href=\"https:\/\/global-reinsurance.com\/es\/lineas-de-negocio\/\" target=\"_self\" class=\"button white is-outline is-large lowercase\"  >\n    <span>L\u00edneas de Negocio<\/span>\n  <\/a>\n\n\t<div id=\"gap-1404077047\" class=\"gap-element clearfix\" style=\"display:block; height:auto;\">\n\t\t\n<style>\n#gap-1404077047 {\n  padding-top: 80px;\n}\n<\/style>\n\t<\/div>\n\t\n\t\t<\/div>\n\t\t\t\t\t<\/div>\n\n\t\n<\/div>\n\t\t<\/div>\n\t\t\t\t\n<style>\n#col-1945551509 > .col-inner {\n  padding: 10% 10% 10% 10%;\n  margin: 0px 0px -3px 0px;\n}\n<\/style>\n\t<\/div>\n\n\t\n<\/div>\n\t\t<\/div>\n\n\t\t\n<style>\n#section_582049002 {\n  padding-top: 0px;\n  padding-bottom: 0px;\n  background-color: rgb(0,0,0);\n}\n<\/style>\n\t<\/section>\n\t\n<span class=\"scroll-to\" data-label=\"Scroll to: #paraguay\" data-bullet=\"true\" data-link=\"#paraguay\" data-title=\"Paraguay\"><a name=\"paraguay\"><\/a><\/span>\n<span class=\"scroll-to\" data-label=\"Scroll to: #paraguay-m\" data-bullet=\"false\" data-link=\"#paraguay-m\" data-title=\"Paraguay-m\"><a name=\"paraguay-m\"><\/a><\/span>\n\t<section class=\"section dark hide-for-small has-parallax\" id=\"section_1818710985\">\n\t\t<div class=\"bg section-bg fill bg-fill bg-loaded \" data-parallax-container=\".section\" data-parallax-background data-parallax=\"-8\">\n\n\t\t\t\n\t\t\t\n\t\t\t\n\n\t\t<\/div>\n\n\t\t<div class=\"section-content relative\">\n\t\t\t\n<div class=\"row row-collapse row-full-width align-middle\"  id=\"row-993784577\">\n\n\t<div id=\"col-137058489\" class=\"col medium-6 small-12 large-8\"  >\n\t\t\t\t<div class=\"col-inner\"  >\n\t\t\t\n\t\t\t\n\t<div id=\"gap-703135283\" class=\"gap-element clearfix\" style=\"display:block; height:auto;\">\n\t\t\n<style>\n#gap-703135283 {\n  padding-top: 700px;\n}\n@media (min-width:550px) {\n  #gap-703135283 {\n    padding-top: 30px;\n  }\n}\n<\/style>\n\t<\/div>\n\t\n\t\t<\/div>\n\t\t\t\t\t<\/div>\n\n\t\n\n\t<div id=\"col-1103558110\" class=\"col medium-6 small-12 large-4\"  data-animate=\"blurIn\">\n\t\t\t\t<div class=\"col-inner text-left\" style=\"background-color:rgb(1, 15, 26);\" >\n\t\t\t\n\t\t\t\n<div class=\"row row-collapse\"  id=\"row-2025812951\">\n\n\t<div id=\"col-1684714558\" class=\"col small-12 large-12\"  data-animate=\"blurIn\">\n\t\t\t\t<div class=\"col-inner\"  >\n\t\t\t\n\t\t\t\n\t<div id=\"gap-1876680466\" class=\"gap-element clearfix\" style=\"display:block; height:auto;\">\n\t\t\n<style>\n#gap-1876680466 {\n  padding-top: 80px;\n}\n<\/style>\n\t<\/div>\n\t\n\t<div id=\"text-3111388430\" class=\"text\">\n\t\t\n<h2><span style=\"font-size: 150%;\">PARAGUAY<\/span><\/h2>\n\t\t\n<style>\n#text-3111388430 {\n  font-size: 1.2rem;\n}\n<\/style>\n\t<\/div>\n\t\n\t\t<\/div>\n\t\t\t\t\t<\/div>\n\n\t\n\n\t<div id=\"col-1291663734\" class=\"col small-12 large-12\"  data-animate=\"blurIn\">\n\t\t\t\t<div class=\"col-inner\"  >\n\t\t\t\n\t\t\t\n\t<div id=\"text-691817392\" class=\"text\">\n\t\t\n<div id=\"text-1451671838\" class=\"text\">\n<div id=\"comp-kqsei807\" class=\"_1Q9if\" data-testid=\"richTextElement\" data-angle=\"0\" data-angle-style-location=\"style\" data-screen-in-hide=\"done\">\n<div id=\"comp-kqsh4b4a1\" class=\"_1Q9if\" data-testid=\"richTextElement\" data-angle=\"0\" data-angle-style-location=\"style\" data-screen-in-hide=\"done\">\n<p class=\"font_8\" style=\"text-align: justify;\"><span style=\"font-size: 90%;\">Paraguay, un pa\u00eds sin salida al mar entre Argentina, Brasil y Bolivia, alberga grandes extensiones de pantanos, bosques subtropicales y el Chaco, un \u00e1rea natural compuesta por sabanas y matorrales. <\/span><\/p>\n<p class=\"font_8\" style=\"text-align: justify;\"><span style=\"font-size: 90%;\">Con una poblaci\u00f3n aproximada de 7.045.000 habitantes, de los cuales el 40% de la poblaci\u00f3n del pa\u00eds es menor de 20 a\u00f1os. <\/span><\/p>\n<p class=\"font_8\" style=\"text-align: justify;\"><span class=\"wixGuard\" style=\"font-size: 90%;\">\u200b<\/span><span style=\"font-size: 90%;\">Paraguay se rige por una constituci\u00f3n presidencial unitaria y la moneda oficial del pa\u00eds es el guaran\u00ed. <\/span> <\/p>\n<\/div>\n<\/div>\n<\/div>\n\t\t\n<style>\n#text-691817392 {\n  font-size: 1.2rem;\n}\n<\/style>\n\t<\/div>\n\t\n\t<div id=\"text-463956168\" class=\"text hidden\">\n\t\t\n<div id=\"text-1451671838\" class=\"text\">\n<div id=\"comp-kqsei807\" class=\"_1Q9if\" data-testid=\"richTextElement\" data-angle=\"0\" data-angle-style-location=\"style\" data-screen-in-hide=\"done\">\n<div id=\"comp-kqsh4b4a1\" class=\"_1Q9if\" data-testid=\"richTextElement\" data-angle=\"0\" data-angle-style-location=\"style\" data-screen-in-hide=\"done\">\n<p style=\"text-align: justify;\"><span style=\"font-size: 90%;\">Paraguay, un pa\u00eds sin salida al mar en Am\u00e9rica del Sur, limita con Brasil y Argentina. Aproximadamente una cuarta parte de los paraguayos vive por debajo del umbral de pobreza nacional. Gran parte de la tierra es propiedad de un peque\u00f1o n\u00famero de individuos y los gobiernos sucesivos han tardado en implementar la reforma agraria. La econom\u00eda depende de la agricultura y la energ\u00eda hidroel\u00e9ctrica. A diferencia de sus vecinos, Paraguay no tiene una gran industria tur\u00edstica. La mayor\u00eda de la poblaci\u00f3n es de ascendencia mixta espa\u00f1ola y guaran\u00ed, conocida como mestizos, y habla la lengua ind\u00edgena guaran\u00ed adem\u00e1s de espa\u00f1ol.<\/span><\/p>\n<\/div>\n<\/div>\n<\/div>\n\t\t\n<style>\n#text-463956168 {\n  font-size: 1.2rem;\n}\n<\/style>\n\t<\/div>\n\t\n\t<div id=\"gap-998887636\" class=\"gap-element clearfix\" style=\"display:block; height:auto;\">\n\t\t\n<style>\n#gap-998887636 {\n  padding-top: 30px;\n}\n<\/style>\n\t<\/div>\n\t\n<a data-animate=\"fadeInUp\" rel=\"https:\/\/global-reinsurance.com\/contact\" href=\"https:\/\/global-reinsurance.com\/es\/lineas-de-negocio\/\" target=\"_self\" class=\"button white is-outline is-large lowercase\"  >\n    <span>L\u00edneas de Negocio<\/span>\n  <\/a>\n\n\t<div id=\"gap-1485269210\" class=\"gap-element clearfix\" style=\"display:block; height:auto;\">\n\t\t\n<style>\n#gap-1485269210 {\n  padding-top: 80px;\n}\n<\/style>\n\t<\/div>\n\t\n\t\t<\/div>\n\t\t\t\t\t<\/div>\n\n\t\n<\/div>\n\t\t<\/div>\n\t\t\t\t\n<style>\n#col-1103558110 > .col-inner {\n  padding: 10% 10% 10% 10%;\n}\n<\/style>\n\t<\/div>\n\n\t\n<\/div>\n\t\t<\/div>\n\n\t\t\n<style>\n#section_1818710985 {\n  padding-top: 0px;\n  padding-bottom: 0px;\n  background-color: rgb(0,0,0);\n}\n#section_1818710985 .section-bg.bg-loaded {\n  background-image: url(https:\/\/global-reinsurance.com\/wp-content\/uploads\/2021\/08\/Cataratas.jpg);\n}\n#section_1818710985 .section-bg {\n  background-position: 88% 75%;\n}\n<\/style>\n\t<\/section>\n\t\n\t<section class=\"section dark show-for-small\" id=\"section_1180351332\">\n\t\t<div class=\"bg section-bg fill bg-fill bg-loaded bg-loaded\" >\n\n\t\t\t\n\t\t\t\n\t\t\t\n\n\t\t<\/div>\n\n\t\t<div class=\"section-content relative\">\n\t\t\t\n<div class=\"row row-collapse row-full-width align-middle\"  id=\"row-792973360\">\n\n\t<div id=\"col-773608868\" class=\"col medium-6 small-12 large-8\"  >\n\t\t\t\t<div class=\"col-inner\"  >\n\t\t\t\n\t\t\t\n\t<div class=\"img has-hover x md-x lg-x y md-y lg-y\" id=\"image_1232379263\">\n\t\t\t\t\t\t\t\t<div class=\"img-inner image-cover dark\" style=\"padding-top:100%;margin:-20px 0px -15px 0px;\">\n\t\t\t<img width=\"1020\" height=\"681\" src=\"https:\/\/global-reinsurance.com\/wp-content\/uploads\/2021\/08\/Cataratas-1024x684.jpg\" class=\"attachment-large size-large\" alt=\"\" loading=\"lazy\" srcset=\"https:\/\/global-reinsurance.com\/wp-content\/uploads\/2021\/08\/Cataratas-1024x684.jpg 1024w, https:\/\/global-reinsurance.com\/wp-content\/uploads\/2021\/08\/Cataratas-300x200.jpg 300w, https:\/\/global-reinsurance.com\/wp-content\/uploads\/2021\/08\/Cataratas-768x513.jpg 768w, https:\/\/global-reinsurance.com\/wp-content\/uploads\/2021\/08\/Cataratas-1536x1026.jpg 1536w, https:\/\/global-reinsurance.com\/wp-content\/uploads\/2021\/08\/Cataratas-2048x1368.jpg 2048w\" sizes=\"(max-width: 1020px) 100vw, 1020px\" \/>\t\t\t\t\t\t\n\t\t\t\t\t<\/div>\n\t\t\t\t\t\t\t\t\n<style>\n#image_1232379263 {\n  width: 100%;\n}\n<\/style>\n\t<\/div>\n\t\n\t\t<\/div>\n\t\t\t\t\t<\/div>\n\n\t\n\n\t<div id=\"col-1946365537\" class=\"col medium-6 small-12 large-4\"  data-animate=\"blurIn\">\n\t\t\t\t<div class=\"col-inner text-left\" style=\"background-color:rgb(1, 15, 26);\" >\n\t\t\t\n\t\t\t\n<div class=\"row row-collapse\"  id=\"row-2039924255\">\n\n\t<div id=\"col-1038389404\" class=\"col small-12 large-12\"  data-animate=\"blurIn\">\n\t\t\t\t<div class=\"col-inner\"  >\n\t\t\t\n\t\t\t\n\t<div id=\"gap-701608400\" class=\"gap-element clearfix\" style=\"display:block; height:auto;\">\n\t\t\n<style>\n#gap-701608400 {\n  padding-top: 80px;\n}\n<\/style>\n\t<\/div>\n\t\n\t<div id=\"text-3891045990\" class=\"text\">\n\t\t\n<h2><span style=\"font-size: 150%;\">PARAGUAY<\/span><\/h2>\n\t\t\n<style>\n#text-3891045990 {\n  font-size: 1.2rem;\n}\n<\/style>\n\t<\/div>\n\t\n\t\t<\/div>\n\t\t\t\t\t<\/div>\n\n\t\n\n\t<div id=\"col-152321996\" class=\"col small-12 large-12\"  data-animate=\"blurIn\">\n\t\t\t\t<div class=\"col-inner\"  >\n\t\t\t\n\t\t\t\n\t<div id=\"text-742606404\" class=\"text\">\n\t\t\n<div id=\"text-1451671838\" class=\"text\">\n<div id=\"comp-kqsei807\" class=\"_1Q9if\" data-testid=\"richTextElement\" data-angle=\"0\" data-angle-style-location=\"style\" data-screen-in-hide=\"done\">\n<div id=\"comp-kqsh4b4a1\" class=\"_1Q9if\" data-testid=\"richTextElement\" data-angle=\"0\" data-angle-style-location=\"style\" data-screen-in-hide=\"done\">\n<p class=\"font_8\" style=\"text-align: justify;\"><span style=\"font-size: 90%;\">Paraguay, un pa\u00eds sin salida al mar entre Argentina, Brasil y Bolivia, alberga grandes extensiones de pantanos, bosques subtropicales y el Chaco, un \u00e1rea natural compuesta por sabanas y matorrales. <\/span><\/p>\n<p class=\"font_8\" style=\"text-align: justify;\"><span style=\"font-size: 90%;\">Con una poblaci\u00f3n aproximada de 7.045.000 habitantes, de los cuales el 40% de la poblaci\u00f3n del pa\u00eds es menor de 20 a\u00f1os. <\/span><\/p>\n<p class=\"font_8\" style=\"text-align: justify;\"><span class=\"wixGuard\" style=\"font-size: 90%;\">\u200b<\/span><span style=\"font-size: 90%;\">Paraguay se rige por una constituci\u00f3n presidencial unitaria y la moneda oficial del pa\u00eds es el guaran\u00ed. <\/span> <\/p>\n<\/div>\n<\/div>\n<\/div>\n\t\t\n<style>\n#text-742606404 {\n  font-size: 1.2rem;\n}\n<\/style>\n\t<\/div>\n\t\n\t<div id=\"text-2231388312\" class=\"text hidden\">\n\t\t\n<div id=\"text-1451671838\" class=\"text\">\n<div id=\"comp-kqsei807\" class=\"_1Q9if\" data-testid=\"richTextElement\" data-angle=\"0\" data-angle-style-location=\"style\" data-screen-in-hide=\"done\">\n<div id=\"comp-kqsh4b4a1\" class=\"_1Q9if\" data-testid=\"richTextElement\" data-angle=\"0\" data-angle-style-location=\"style\" data-screen-in-hide=\"done\">\n<p style=\"text-align: justify;\"><span style=\"font-size: 90%;\">Paraguay, un pa\u00eds sin salida al mar en Am\u00e9rica del Sur, limita con Brasil y Argentina. Aproximadamente una cuarta parte de los paraguayos vive por debajo del umbral de pobreza nacional. Gran parte de la tierra es propiedad de un peque\u00f1o n\u00famero de individuos y los gobiernos sucesivos han tardado en implementar la reforma agraria. La econom\u00eda depende de la agricultura y la energ\u00eda hidroel\u00e9ctrica. A diferencia de sus vecinos, Paraguay no tiene una gran industria tur\u00edstica. La mayor\u00eda de la poblaci\u00f3n es de ascendencia mixta espa\u00f1ola y guaran\u00ed, conocida como mestizos, y habla la lengua ind\u00edgena guaran\u00ed adem\u00e1s de espa\u00f1ol.<\/span><\/p>\n<\/div>\n<\/div>\n<\/div>\n\t\t\n<style>\n#text-2231388312 {\n  font-size: 1.2rem;\n}\n<\/style>\n\t<\/div>\n\t\n\t<div id=\"gap-476738246\" class=\"gap-element clearfix\" style=\"display:block; height:auto;\">\n\t\t\n<style>\n#gap-476738246 {\n  padding-top: 30px;\n}\n<\/style>\n\t<\/div>\n\t\n<a data-animate=\"fadeInUp\" rel=\"https:\/\/global-reinsurance.com\/contact\" href=\"https:\/\/global-reinsurance.com\/es\/lineas-de-negocio\/\" target=\"_self\" class=\"button white is-outline is-large lowercase\"  >\n    <span>L\u00edneas de Negocio<\/span>\n  <\/a>\n\n\t<div id=\"gap-124086770\" class=\"gap-element clearfix\" style=\"display:block; height:auto;\">\n\t\t\n<style>\n#gap-124086770 {\n  padding-top: 80px;\n}\n<\/style>\n\t<\/div>\n\t\n\t\t<\/div>\n\t\t\t\t\t<\/div>\n\n\t\n<\/div>\n\t\t<\/div>\n\t\t\t\t\n<style>\n#col-1946365537 > .col-inner {\n  padding: 10% 10% 10% 10%;\n}\n<\/style>\n\t<\/div>\n\n\t\n<\/div>\n\t\t<\/div>\n\n\t\t\n<style>\n#section_1180351332 {\n  padding-top: 0px;\n  padding-bottom: 0px;\n  background-color: rgb(0,0,0);\n}\n<\/style>\n\t<\/section>\n\t\n<span class=\"scroll-to\" data-label=\"Scroll to: #dominican-republic\" data-bullet=\"true\" data-link=\"#dominican-republic\" data-title=\"Rep\u00fablica Dominicana\"><a name=\"dominican-republic\"><\/a><\/span>\n<span class=\"scroll-to\" data-label=\"Scroll to: #dominican-republic-m\" data-bullet=\"false\" data-link=\"#dominican-republic-m\" data-title=\"Rep\u00fablica Dominicana-m\"><a name=\"dominican-republic-m\"><\/a><\/span>\n\t<section class=\"section dark hide-for-small has-parallax\" id=\"section_1565460632\">\n\t\t<div class=\"bg section-bg fill bg-fill bg-loaded \" data-parallax-container=\".section\" data-parallax-background data-parallax=\"-8\">\n\n\t\t\t\n\t\t\t\n\t\t\t\n\n\t\t<\/div>\n\n\t\t<div class=\"section-content relative\">\n\t\t\t\n<div class=\"row row-collapse row-full-width align-middle\"  id=\"row-1224808909\">\n\n\t<div id=\"col-2065505237\" class=\"col medium-6 small-12 large-8\"  >\n\t\t\t\t<div class=\"col-inner\"  >\n\t\t\t\n\t\t\t\n\t<div id=\"gap-305198785\" class=\"gap-element clearfix\" style=\"display:block; height:auto;\">\n\t\t\n<style>\n#gap-305198785 {\n  padding-top: 700px;\n}\n@media (min-width:550px) {\n  #gap-305198785 {\n    padding-top: 30px;\n  }\n}\n<\/style>\n\t<\/div>\n\t\n\t\t<\/div>\n\t\t\t\t\t<\/div>\n\n\t\n\n\t<div id=\"col-1475829956\" class=\"col medium-6 small-12 large-4\"  data-animate=\"blurIn\">\n\t\t\t\t<div class=\"col-inner text-left\" style=\"background-color:rgb(1, 18, 33);\" >\n\t\t\t\n\t\t\t\n<div class=\"row row-collapse\"  id=\"row-1353135023\">\n\n\t<div id=\"col-489324777\" class=\"col small-12 large-12\"  data-animate=\"blurIn\">\n\t\t\t\t<div class=\"col-inner\"  >\n\t\t\t\n\t\t\t\n\t<div id=\"gap-404130049\" class=\"gap-element clearfix\" style=\"display:block; height:auto;\">\n\t\t\n<style>\n#gap-404130049 {\n  padding-top: 80px;\n}\n<\/style>\n\t<\/div>\n\t\n\t<div id=\"text-235692473\" class=\"text\">\n\t\t\n<h2><span style=\"font-size: 150%;\">REP\u00daBLICA DOMINICANA<\/span><\/h2>\n\t\t\n<style>\n#text-235692473 {\n  font-size: 1.2rem;\n}\n<\/style>\n\t<\/div>\n\t\n\t\t<\/div>\n\t\t\t\t\t<\/div>\n\n\t\n\n\t<div id=\"col-1642194462\" class=\"col small-12 large-12\"  data-animate=\"blurIn\">\n\t\t\t\t<div class=\"col-inner\"  >\n\t\t\t\n\t\t\t\n\t<div id=\"text-1758789060\" class=\"text\">\n\t\t\n<p class=\"font_8\" style=\"text-align: justify;\"><span style=\"font-size: 90%;\">Situada en el Caribe, Rep\u00fablica Dominicana comparte la isla Hispaniola con Hait\u00ed. <\/span><\/p>\n<p class=\"font_8\" style=\"text-align: justify;\"><span style=\"font-size: 90%;\">Sus paisajes incluyen selvas tropicales, sabanas, tierras altas y playas. Su capital, Santo Domingo, cuenta con monumentos de ascendencia espa\u00f1ola como la Catedral Primada de estilo g\u00f3tico, que data de cinco siglos. <\/span><\/p>\n<p class=\"font_8\" style=\"text-align: justify;\"><span style=\"font-size: 90%;\">Con una poblaci\u00f3n aproximada de 10.740.000 habitantes, el 39,8% de la poblaci\u00f3n del pa\u00eds tiene menos de 20 a\u00f1os. <\/span><\/p>\n<p class=\"font_8\" style=\"text-align: justify;\"><span style=\"font-size: 90%;\">La Rep\u00fablica Dominicana se rige por una constituci\u00f3n presidencial unitaria y la moneda oficial del pa\u00eds es el peso dominicano. <\/span><\/p>\n\t\t\n<style>\n#text-1758789060 {\n  font-size: 1.2rem;\n}\n<\/style>\n\t<\/div>\n\t\n\t<div id=\"text-2492179428\" class=\"text hidden\">\n\t\t\n<p style=\"text-align: justify;\"><span style=\"font-size: 90%;\">La naci\u00f3n caribe\u00f1a es un importante destino tur\u00edstico. Esto, junto con las zonas de libre comercio, se ha convertido en el principal empleador del pa\u00eds y en las principales fuentes de ingresos, reemplazando la dependencia del az\u00facar, el caf\u00e9 y otras exportaciones. El pa\u00eds en gran parte monta\u00f1oso incluye Pico Duarte, el punto m\u00e1s alto de las Indias Occidentales, el f\u00e9rtil Valle del Cibao, franjas de desierto y el lago Enriquillo. La Rep\u00fablica Dominicana est\u00e1 habitada principalmente por personas de or\u00edgenes mixtos europeos y africanos. Las influencias occidentales se aprecian en los edificios coloniales de la capital, Santo Domingo, as\u00ed como en el arte y la literatura. La herencia africana se refleja en la m\u00fasica. Las dos herencias se funden en el canto y la danza populares, el merengue.<\/span><\/p>\n\t\t\n<style>\n#text-2492179428 {\n  font-size: 1.2rem;\n}\n<\/style>\n\t<\/div>\n\t\n\t<div id=\"gap-1358239900\" class=\"gap-element clearfix\" style=\"display:block; height:auto;\">\n\t\t\n<style>\n#gap-1358239900 {\n  padding-top: 30px;\n}\n<\/style>\n\t<\/div>\n\t\n<a data-animate=\"fadeInUp\" rel=\"https:\/\/global-reinsurance.com\/contact\" href=\"https:\/\/global-reinsurance.com\/es\/lineas-de-negocio\/\" target=\"_self\" class=\"button white is-outline is-large lowercase\"  >\n    <span>L\u00edneas de Negocio<\/span>\n  <\/a>\n\n\t<div id=\"gap-1618694600\" class=\"gap-element clearfix\" style=\"display:block; height:auto;\">\n\t\t\n<style>\n#gap-1618694600 {\n  padding-top: 80px;\n}\n<\/style>\n\t<\/div>\n\t\n\t\t<\/div>\n\t\t\t\t\t<\/div>\n\n\t\n<\/div>\n\t\t<\/div>\n\t\t\t\t\n<style>\n#col-1475829956 > .col-inner {\n  padding: 10% 10% 10% 10%;\n}\n<\/style>\n\t<\/div>\n\n\t\n<\/div>\n\t\t<\/div>\n\n\t\t\n<style>\n#section_1565460632 {\n  padding-top: 0px;\n  padding-bottom: 0px;\n  background-color: rgb(0,0,0);\n}\n#section_1565460632 .section-bg.bg-loaded {\n  background-image: url(https:\/\/global-reinsurance.com\/wp-content\/uploads\/2021\/09\/benjamin-voros-YfUR4QpiXuQ-unsplash-scaled.jpg);\n}\n<\/style>\n\t<\/section>\n\t\n\t<section class=\"section dark show-for-small\" id=\"section_1646327169\">\n\t\t<div class=\"bg section-bg fill bg-fill bg-loaded bg-loaded\" >\n\n\t\t\t\n\t\t\t\n\t\t\t\n\n\t\t<\/div>\n\n\t\t<div class=\"section-content relative\">\n\t\t\t\n<div class=\"row row-collapse row-full-width align-middle\"  id=\"row-986959444\">\n\n\t<div id=\"col-396393653\" class=\"col medium-6 small-12 large-8\"  >\n\t\t\t\t<div class=\"col-inner\"  >\n\t\t\t\n\t\t\t\n\t<div class=\"img has-hover x md-x lg-x y md-y lg-y\" id=\"image_1876214672\">\n\t\t\t\t\t\t\t\t<div class=\"img-inner image-cover dark\" style=\"padding-top:100%;margin:-20px 0px -15px 0px;\">\n\t\t\t<img width=\"819\" height=\"1024\" src=\"https:\/\/global-reinsurance.com\/wp-content\/uploads\/2021\/09\/benjamin-voros-YfUR4QpiXuQ-unsplash-819x1024.jpg\" class=\"attachment-large size-large\" alt=\"\" loading=\"lazy\" srcset=\"https:\/\/global-reinsurance.com\/wp-content\/uploads\/2021\/09\/benjamin-voros-YfUR4QpiXuQ-unsplash-819x1024.jpg 819w, https:\/\/global-reinsurance.com\/wp-content\/uploads\/2021\/09\/benjamin-voros-YfUR4QpiXuQ-unsplash-240x300.jpg 240w, https:\/\/global-reinsurance.com\/wp-content\/uploads\/2021\/09\/benjamin-voros-YfUR4QpiXuQ-unsplash-768x960.jpg 768w, https:\/\/global-reinsurance.com\/wp-content\/uploads\/2021\/09\/benjamin-voros-YfUR4QpiXuQ-unsplash-1229x1536.jpg 1229w, https:\/\/global-reinsurance.com\/wp-content\/uploads\/2021\/09\/benjamin-voros-YfUR4QpiXuQ-unsplash-1638x2048.jpg 1638w, https:\/\/global-reinsurance.com\/wp-content\/uploads\/2021\/09\/benjamin-voros-YfUR4QpiXuQ-unsplash-scaled.jpg 2048w\" sizes=\"(max-width: 819px) 100vw, 819px\" \/>\t\t\t\t\t\t\n\t\t\t\t\t<\/div>\n\t\t\t\t\t\t\t\t\n<style>\n#image_1876214672 {\n  width: 100%;\n}\n<\/style>\n\t<\/div>\n\t\n\t\t<\/div>\n\t\t\t\t\t<\/div>\n\n\t\n\n\t<div id=\"col-2092517601\" class=\"col medium-6 small-12 large-4\"  data-animate=\"blurIn\">\n\t\t\t\t<div class=\"col-inner text-left\" style=\"background-color:rgb(1, 18, 33);\" >\n\t\t\t\n\t\t\t\n<div class=\"row row-collapse\"  id=\"row-1846805731\">\n\n\t<div id=\"col-1544988424\" class=\"col small-12 large-12\"  data-animate=\"blurIn\">\n\t\t\t\t<div class=\"col-inner\"  >\n\t\t\t\n\t\t\t\n\t<div id=\"gap-165610\" class=\"gap-element clearfix\" style=\"display:block; height:auto;\">\n\t\t\n<style>\n#gap-165610 {\n  padding-top: 80px;\n}\n<\/style>\n\t<\/div>\n\t\n\t<div id=\"text-661882418\" class=\"text\">\n\t\t\n<h2><span style=\"font-size: 150%;\">REP\u00daBLICA DOMINICANA<\/span><\/h2>\n\t\t\n<style>\n#text-661882418 {\n  font-size: 1.2rem;\n}\n<\/style>\n\t<\/div>\n\t\n\t\t<\/div>\n\t\t\t\t\t<\/div>\n\n\t\n\n\t<div id=\"col-415101386\" class=\"col small-12 large-12\"  data-animate=\"blurIn\">\n\t\t\t\t<div class=\"col-inner\"  >\n\t\t\t\n\t\t\t\n\t<div id=\"text-1183109349\" class=\"text\">\n\t\t\n<p class=\"font_8\" style=\"text-align: justify;\"><span style=\"font-size: 90%;\">Situada en el Caribe, Rep\u00fablica Dominicana comparte la isla Hispaniola con Hait\u00ed. <\/span><\/p>\n<p class=\"font_8\" style=\"text-align: justify;\"><span style=\"font-size: 90%;\">Sus paisajes incluyen selvas tropicales, sabanas, tierras altas y playas. Su capital, Santo Domingo, cuenta con monumentos de ascendencia espa\u00f1ola como la Catedral Primada de estilo g\u00f3tico, que data de cinco siglos. <\/span><\/p>\n<p class=\"font_8\" style=\"text-align: justify;\"><span style=\"font-size: 90%;\">Con una poblaci\u00f3n aproximada de 10.740.000 habitantes, el 39,8% de la poblaci\u00f3n del pa\u00eds tiene menos de 20 a\u00f1os. <\/span><\/p>\n<p class=\"font_8\" style=\"text-align: justify;\"><span style=\"font-size: 90%;\">La Rep\u00fablica Dominicana se rige por una constituci\u00f3n presidencial unitaria y la moneda oficial del pa\u00eds es el peso dominicano. <\/span><\/p>\n\t\t\n<style>\n#text-1183109349 {\n  font-size: 1.2rem;\n}\n<\/style>\n\t<\/div>\n\t\n\t<div id=\"text-540696004\" class=\"text hidden\">\n\t\t\n<p style=\"text-align: justify;\"><span style=\"font-size: 90%;\">La naci\u00f3n caribe\u00f1a es un importante destino tur\u00edstico. Esto, junto con las zonas de libre comercio, se ha convertido en el principal empleador del pa\u00eds y en las principales fuentes de ingresos, reemplazando la dependencia del az\u00facar, el caf\u00e9 y otras exportaciones. El pa\u00eds en gran parte monta\u00f1oso incluye Pico Duarte, el punto m\u00e1s alto de las Indias Occidentales, el f\u00e9rtil Valle del Cibao, franjas de desierto y el lago Enriquillo. La Rep\u00fablica Dominicana est\u00e1 habitada principalmente por personas de or\u00edgenes mixtos europeos y africanos. Las influencias occidentales se aprecian en los edificios coloniales de la capital, Santo Domingo, as\u00ed como en el arte y la literatura. La herencia africana se refleja en la m\u00fasica. Las dos herencias se funden en el canto y la danza populares, el merengue.<\/span><\/p>\n\t\t\n<style>\n#text-540696004 {\n  font-size: 1.2rem;\n}\n<\/style>\n\t<\/div>\n\t\n\t<div id=\"gap-1742351385\" class=\"gap-element clearfix\" style=\"display:block; height:auto;\">\n\t\t\n<style>\n#gap-1742351385 {\n  padding-top: 30px;\n}\n<\/style>\n\t<\/div>\n\t\n<a data-animate=\"fadeInUp\" rel=\"https:\/\/global-reinsurance.com\/contact\" href=\"https:\/\/global-reinsurance.com\/es\/lineas-de-negocio\/\" target=\"_self\" class=\"button white is-outline is-large lowercase\"  >\n    <span>L\u00edneas de Negocio<\/span>\n  <\/a>\n\n\t<div id=\"gap-1177420822\" class=\"gap-element clearfix\" style=\"display:block; height:auto;\">\n\t\t\n<style>\n#gap-1177420822 {\n  padding-top: 80px;\n}\n<\/style>\n\t<\/div>\n\t\n\t\t<\/div>\n\t\t\t\t\t<\/div>\n\n\t\n<\/div>\n\t\t<\/div>\n\t\t\t\t\n<style>\n#col-2092517601 > .col-inner {\n  padding: 10% 10% 10% 10%;\n}\n<\/style>\n\t<\/div>\n\n\t\n<\/div>\n\t\t<\/div>\n\n\t\t\n<style>\n#section_1646327169 {\n  padding-top: 0px;\n  padding-bottom: 0px;\n  background-color: rgb(0,0,0);\n}\n<\/style>\n\t<\/section>\n\t\n<span class=\"scroll-to\" data-label=\"Scroll to: #florida\" data-bullet=\"false\" data-link=\"#florida\" data-title=\"Florida\"><a name=\"florida\"><\/a><\/span>\n<span class=\"scroll-to\" data-label=\"Scroll to: #florida-m\" data-bullet=\"false\" data-link=\"#florida-m\" data-title=\"Florida-m\"><a name=\"florida-m\"><\/a><\/span>\n\n\n","protected":false},"excerpt":{"rendered":"","protected":false},"author":1,"featured_media":0,"parent":0,"menu_order":0,"comment_status":"closed","ping_status":"closed","template":"page-blank.php","meta":[],"_links":{"self":[{"href":"https:\/\/global-reinsurance.com\/es\/wp-json\/wp\/v2\/pages\/1063"}],"collection":[{"href":"https:\/\/global-reinsurance.com\/es\/wp-json\/wp\/v2\/pages"}],"about":[{"href":"https:\/\/global-reinsurance.com\/es\/wp-json\/wp\/v2\/types\/page"}],"author":[{"embeddable":true,"href":"https:\/\/global-reinsurance.com\/es\/wp-json\/wp\/v2\/users\/1"}],"replies":[{"embeddable":true,"href":"https:\/\/global-reinsurance.com\/es\/wp-json\/wp\/v2\/comments?post=1063"}],"version-history":[{"count":8,"href":"https:\/\/global-reinsurance.com\/es\/wp-json\/wp\/v2\/pages\/1063\/revisions"}],"predecessor-version":[{"id":1293,"href":"https:\/\/global-reinsurance.com\/es\/wp-json\/wp\/v2\/pages\/1063\/revisions\/1293"}],"wp:attachment":[{"href":"https:\/\/global-reinsurance.com\/es\/wp-json\/wp\/v2\/media?parent=1063"}],"curies":[{"name":"wp","href":"https:\/\/api.w.org\/{rel}","templated":true}]}}